{"id":9,"date":"2014-12-09T19:49:22","date_gmt":"2014-12-09T19:49:22","guid":{"rendered":"http:\/\/www.stopptgennahrungsmittel.de\/?page_id=9"},"modified":"2014-12-23T12:36:30","modified_gmt":"2014-12-23T12:36:30","slug":"aktion-genklage","status":"publish","type":"page","link":"https:\/\/www.stopptgennahrungsmittel.de\/?page_id=9","title":{"rendered":"Aktion GENKlage"},"content":{"rendered":"<h3><a href=\"http:\/\/www.stopptgennahrungsmittel.de\/wp-content\/uploads\/2014\/12\/Kopie-von-IMG_3411.jpg\"><img loading=\"lazy\" decoding=\"async\" class=\"alignright wp-image-297\" src=\"http:\/\/www.stopptgennahrungsmittel.de\/wp-content\/uploads\/2014\/12\/Kopie-von-IMG_3411.jpg\" alt=\"Kopie von IMG_3411\" width=\"401\" height=\"283\" \/><\/a>Gr\u00fcndung<\/h3>\n<p>Die Aktion GEN-Klage wurde 2006 von Rosi Reindl, Christiane L\u00fcst und anderen, die nach jahrelangen aufw\u00e4ndigen Vortragsreisen und Filmgespr\u00e4chen zum Thema Agrogentechnik merkten, dass wir trotz dieser Aktivit\u00e4ten von der Geschwindigkeit der negativen Entwicklung \u00fcberrollt wurden und nichts Gleichwertiges entgegensetzen konnten.  Um diese Entwicklung dennoch aufzuhalten, kamen wir zur logischen Schlu\u00dffolgerung:<\/p>\n<h4>Wir m\u00fcssen gerichtliche Hilfe in Anspruch nehmen! Auf EU-Ebene! Und ganz schnell!<\/h4>\n<p>Wir luden Werner M\u00fcller (Global 2000 \u00d6sterreich) zu einem Basisvortrag nach M\u00fcnchen ein. Er hatte damals Ober\u00f6sterreich in seiner Auseinandersetzung gegen die EU in Sachen Gentechnikfreiheit rechtlich vertreten) Werner M\u00fcller zeigte uns juristische Wege und M\u00f6glichkeiten auf, um erfolgreich zu sein.<\/p>\n<p>Mit Christoh Palme, Jurist\/Naturschutzrecht aus T\u00fcbingen gewannen wir einen weiteren hochkompetenten Mitarbeiter, der f\u00fcr uns seitdem die Hauptarbeit im Gentechnikrecht macht.<\/p>\n<p>Wir sind sehr schnell angewachsen, wie die Unterst\u00fctzerliste zeigt, und wir werden immer mehr &#8230;.<\/p>\n<h4><a href=\"http:\/\/www.stopptgennahrungsmittel.de\/?page_id=117\"><span style=\"text-decoration: underline;\">Unterst\u00fctzerliste<\/span><\/a><\/h4>\n","protected":false},"excerpt":{"rendered":"<p>Gr\u00fcndung Die Aktion GEN-Klage wurde 2006 von Rosi Reindl, Christiane L\u00fcst und anderen, die nach jahrelangen aufw\u00e4ndigen Vortragsreisen und Filmgespr\u00e4chen zum Thema Agrogentechnik merkten, dass wir trotz dieser Aktivit\u00e4ten von der Geschwindigkeit der negativen Entwicklung \u00fcberrollt wurden und nichts Gleichwertiges entgegensetzen konnten. Um diese Entwicklung dennoch aufzuhalten, kamen wir zur\u2026<\/p>\n<p> <a class=\"continue-reading-link\" href=\"https:\/\/www.stopptgennahrungsmittel.de\/?page_id=9\"><span>weiter lesen &#8230;<\/span><i class=\"crycon-right-dir\"><\/i><\/a> <\/p>\n","protected":false},"author":1,"featured_media":0,"parent":0,"menu_order":2,"comment_status":"closed","ping_status":"closed","template":"","meta":{"jetpack_post_was_ever_published":false,"footnotes":""},"class_list":["post-9","page","type-page","status-publish","hentry"],"jetpack_sharing_enabled":true,"jetpack_shortlink":"https:\/\/wp.me\/P7YsNH-9","_links":{"self":[{"href":"https:\/\/www.stopptgennahrungsmittel.de\/index.php?rest_route=\/wp\/v2\/pages\/9","targetHints":{"allow":["GET"]}}],"collection":[{"href":"https:\/\/www.stopptgennahrungsmittel.de\/index.php?rest_route=\/wp\/v2\/pages"}],"about":[{"href":"https:\/\/www.stopptgennahrungsmittel.de\/index.php?rest_route=\/wp\/v2\/types\/page"}],"author":[{"embeddable":true,"href":"https:\/\/www.stopptgennahrungsmittel.de\/index.php?rest_route=\/wp\/v2\/users\/1"}],"replies":[{"embeddable":true,"href":"https:\/\/www.stopptgennahrungsmittel.de\/index.php?rest_route=%2Fwp%2Fv2%2Fcomments&post=9"}],"version-history":[{"count":2,"href":"https:\/\/www.stopptgennahrungsmittel.de\/index.php?rest_route=\/wp\/v2\/pages\/9\/revisions"}],"predecessor-version":[{"id":441,"href":"https:\/\/www.stopptgennahrungsmittel.de\/index.php?rest_route=\/wp\/v2\/pages\/9\/revisions\/441"}],"wp:attachment":[{"href":"https:\/\/www.stopptgennahrungsmittel.de\/index.php?rest_route=%2Fwp%2Fv2%2Fmedia&parent=9"}],"curies":[{"name":"wp","href":"https:\/\/api.w.org\/{rel}","templated":true}]}}