{"id":2,"date":"2014-12-09T17:54:30","date_gmt":"2014-12-09T17:54:30","guid":{"rendered":"http:\/\/www.stopptgennahrungsmittel.de\/?page_id=2"},"modified":"2024-07-02T10:02:25","modified_gmt":"2024-07-02T10:02:25","slug":"beispiel-seite","status":"publish","type":"page","link":"https:\/\/www.stopptgennahrungsmittel.de\/?page_id=2","title":{"rendered":"Archiv"},"content":{"rendered":"\n<hr class=\"wp-block-separator has-css-opacity\"\/>\n\n\n<div class=\"wp-block-image\">\n<figure class=\"alignleft is-resized\"><img loading=\"lazy\" decoding=\"async\" src=\"http:\/\/www.stopptgennahrungsmittel.de\/wp-content\/uploads\/2018\/09\/800px-Flag_of_Germany.svg_-300x180.png\" alt=\"\" class=\"wp-image-1057\" style=\"width:75px;height:45px\" width=\"75\" height=\"45\" srcset=\"https:\/\/www.stopptgennahrungsmittel.de\/wp-content\/uploads\/2018\/09\/800px-Flag_of_Germany.svg_-300x180.png 300w, https:\/\/www.stopptgennahrungsmittel.de\/wp-content\/uploads\/2018\/09\/800px-Flag_of_Germany.svg_-768x461.png 768w, https:\/\/www.stopptgennahrungsmittel.de\/wp-content\/uploads\/2018\/09\/800px-Flag_of_Germany.svg_-250x150.png 250w, https:\/\/www.stopptgennahrungsmittel.de\/wp-content\/uploads\/2018\/09\/800px-Flag_of_Germany.svg_-150x90.png 150w, https:\/\/www.stopptgennahrungsmittel.de\/wp-content\/uploads\/2018\/09\/800px-Flag_of_Germany.svg_.png 800w\" sizes=\"auto, (max-width: 75px) 100vw, 75px\" \/><\/figure>\n<\/div>\n\n<div class=\"wp-block-image\">\n<figure class=\"alignleft is-resized\"><img loading=\"lazy\" decoding=\"async\" src=\"http:\/\/www.stopptgennahrungsmittel.de\/wp-content\/uploads\/2018\/09\/1024px-Flag_of_the_United_Kingdom.svg_-300x150.png\" alt=\"\" class=\"wp-image-1055\" style=\"width:75px;height:38px\" width=\"75\" height=\"38\" srcset=\"https:\/\/www.stopptgennahrungsmittel.de\/wp-content\/uploads\/2018\/09\/1024px-Flag_of_the_United_Kingdom.svg_-300x150.png 300w, https:\/\/www.stopptgennahrungsmittel.de\/wp-content\/uploads\/2018\/09\/1024px-Flag_of_the_United_Kingdom.svg_-768x384.png 768w, https:\/\/www.stopptgennahrungsmittel.de\/wp-content\/uploads\/2018\/09\/1024px-Flag_of_the_United_Kingdom.svg_.png 1024w, https:\/\/www.stopptgennahrungsmittel.de\/wp-content\/uploads\/2018\/09\/1024px-Flag_of_the_United_Kingdom.svg_-150x75.png 150w\" sizes=\"auto, (max-width: 75px) 100vw, 75px\" \/><\/figure>\n<\/div>\n\n<div class=\"wp-block-image\">\n<figure class=\"alignleft is-resized\"><img loading=\"lazy\" decoding=\"async\" src=\"http:\/\/www.stopptgennahrungsmittel.de\/wp-content\/uploads\/2018\/09\/750px-Flag_of_Spain.svg_-300x200.png\" alt=\"\" class=\"wp-image-1058\" style=\"width:75px;height:50px\" width=\"75\" height=\"50\" srcset=\"https:\/\/www.stopptgennahrungsmittel.de\/wp-content\/uploads\/2018\/09\/750px-Flag_of_Spain.svg_-300x200.png 300w, https:\/\/www.stopptgennahrungsmittel.de\/wp-content\/uploads\/2018\/09\/750px-Flag_of_Spain.svg_-150x100.png 150w, https:\/\/www.stopptgennahrungsmittel.de\/wp-content\/uploads\/2018\/09\/750px-Flag_of_Spain.svg_.png 750w\" sizes=\"auto, (max-width: 75px) 100vw, 75px\" \/><\/figure>\n<\/div>\n\n\n<p>Die Parallelberichte zu den einzelnen L\u00e4ndern sind auf dieser Website in deutsch, englisch und spanisch verf\u00fcgbar. (Menu UN-Arbeit)<br> The parallel reports on the individual countries are available on this website in German, English and Spanish. (Menu UN-Arbeit)<br>Los informes paralelos sobre cada pa\u00eds est\u00e1n disponibles en este sitio web en alem\u00e1n, ingl\u00e9s y espa\u00f1ol. (Menu UN-Arbeit)<\/p>\n\n\n\n<hr class=\"wp-block-separator has-css-opacity is-style-wide\"\/>\n\n\n\n<p><a href=\"https:\/\/www.stopptgennahrungsmittel.de\/wp-content\/uploads\/2023\/10\/Wahlflyer-zur-NGT-und-LTW-in-Bayern.pdf\">Flugblatt zur Landtagswahl 2023 in Bayern zu Neuer Gentechnik<\/a> (bitte anklicken)<\/p>\n\n\n\n<hr class=\"wp-block-separator has-alpha-channel-opacity is-style-wide\"\/>\n\n\n\n<h3 class=\"wp-block-heading\"><strong>Wahlpr\u00fcfsteine an die CSU zur Landtagswahl 2023 in Bayern<\/strong><\/h3>\n\n\n\n<p><a rel=\"noreferrer noopener\" href=\"https:\/\/www.stopptgennahrungsmittel.de\/wp-content\/uploads\/2023\/10\/140_Zivilcourage-gg.-Agrogentechnik-im-LK-Sta-_-Aktion-GEN-Klage.pdf\" target=\"_blank\">Antworten der CSU auf die Fragen von Zivilcourage gg. Agro-Gentechnik im LK Starnberg<\/a> (bitte anklicken)<\/p>\n\n\n\n<hr class=\"wp-block-separator has-alpha-channel-opacity is-style-wide\"\/>\n\n\n\n<h3 class=\"wp-block-heading\"><strong>Wahlpr\u00fcfsteine an die Gr\u00fcnen zur Landtagswahl 2023 in Bayern<\/strong><\/h3>\n\n\n\n<p><strong>Frage 1:<\/strong><br>Die EU will Neue Gentechniken genehmigen und so das aktuelle Gentechnikrecht deregulieren. Die Gr\u00fcnen im Bundestag&nbsp; bef\u00fcrworten mehrheitlich die NGT.&nbsp; \u00d6zdemir wird nicht mit Nein stimmen oder sich der Stimme enthalten. Was tun Sie dagegen?<br><strong>Frage 2:<\/strong><br>Die Gr\u00fcnen auf Bundesebene bef\u00fcrworten Mercosur. Das hei\u00dft weiter steigende Urwaldabholzung, da mehr Fleischexport; Schutz der Verbrennermotoren, die&nbsp; wg. Klima in Europa verboten werden, Schaffung von Fluchtursachen, steigende Gensojaf\u00fctterung unserer Nahrung. Wollen Sie das?<br><strong>Frage 3:<\/strong><br>Bundeslandwirtschaftsminister \u00d6zdemir hat dem Export von hochgiftigen in der EU verbotenen Pestiziden in 3. Welt-L\u00e4nder zugestimmt. Ist so ein gr\u00fcner Minister f\u00fcr Sie denn nicht untragbar? Wie lange wollen Sie noch zusehen, wie er gegen Ihr Wahlprogramm agiert?<\/p>\n\n\n\n<p><strong>Antwort der Gr\u00fcnen:<\/strong><\/p>\n\n\n\n<p>Vielen Dank f\u00fcr Ihre Wahlpr\u00fcfsteine und f\u00fcr das damit gezeigte Interesse an unseren politischen Positionen.<\/p>\n\n\n\n<p>Ihre Fragen beziehen sich jedoch auf die Bundesebene und werden namentlich an unserem Bundeslandwirtschaftsminister gerichtet. Wir bitten Sie deshalb, diese direkt an ihn zu richten.<\/p>\n\n\n\n<p>Sollten Sie landespolitische Fragen haben, schicken Sie uns diese gerne direkt zu. Ansonsten darf ich Sie f\u00fcr unsere Kompetenzebene in Bayern auf unser Regierungsprogramm hinweisen&#8230;<br><\/p>\n\n\n\n<hr class=\"wp-block-separator has-alpha-channel-opacity is-style-wide\"\/>\n\n\n\n<h3 class=\"wp-block-heading\">Parallelbericht zu Brasilien 2023 wurde eingereicht<\/h3>\n\n\n\n<figure class=\"wp-block-image size-large\"><a href=\"https:\/\/www.stopptgennahrungsmittel.de\/wp-content\/uploads\/2023\/10\/Genf2.jpeg\"><img loading=\"lazy\" decoding=\"async\" width=\"1024\" height=\"766\" src=\"https:\/\/www.stopptgennahrungsmittel.de\/wp-content\/uploads\/2023\/10\/Genf2-1024x766.jpeg\" alt=\"\" class=\"wp-image-1276\" srcset=\"https:\/\/www.stopptgennahrungsmittel.de\/wp-content\/uploads\/2023\/10\/Genf2-1024x766.jpeg 1024w, https:\/\/www.stopptgennahrungsmittel.de\/wp-content\/uploads\/2023\/10\/Genf2-300x224.jpeg 300w, https:\/\/www.stopptgennahrungsmittel.de\/wp-content\/uploads\/2023\/10\/Genf2-768x575.jpeg 768w, https:\/\/www.stopptgennahrungsmittel.de\/wp-content\/uploads\/2023\/10\/Genf2-1536x1149.jpeg 1536w, https:\/\/www.stopptgennahrungsmittel.de\/wp-content\/uploads\/2023\/10\/Genf2-150x112.jpeg 150w, https:\/\/www.stopptgennahrungsmittel.de\/wp-content\/uploads\/2023\/10\/Genf2.jpeg 1600w\" sizes=\"auto, (max-width: 1024px) 100vw, 1024px\" \/><\/a><\/figure>\n\n\n\n<p>Zusammen Dr. Antonio Andrioli (r.), der Via Campesina Brasilien vertrat, hat Christiane L\u00fcst von der Aktion GEN-Klage erneut einen Parallelbericht zum Staatenbericht von Brasilien \u00fcber die Umsetzung des Internationalen Paktes \u00fcber wirtschaftliche, soziale und kulturelle Rechte beim UN-Menschenrechtsausschuss in Genf vorgelegt. Gleichzeitig hat das Umweltinstitut mit Ludwig Essig ebenfalls einen Bericht vorgelegt, in dem gefordert wird, dass das geplante EU-Mercosur-Abkommen wegen weiterer Menschenrechverletzungen verhindert werden muss.<\/p>\n\n\n\n<p>Die in diesem Bericht vorgelegten Informationen konzentrieren sich auf die seit unserer letzten Berichterstattung im M\u00e4rz 2009 weiterhin massiv gestiegenen Folgen einer sehr bedenklichen globalen Entwicklung, die Verwendung von genetisch ver\u00e4nderten Organismen (GMOs) in der Landwirtschaft und ihren Folgen. Diese wurde in Brasilien trotz unserer Berichterstattung und der darauf erfolgten concluding observations weiter ausgebaut.<\/p>\n\n\n\n<p>Die Folgen haben sich trotz der concluding observations \u2013 die nie umgesetzt wurden &#8211; weiter versch\u00e4rft \u2013 was dazu gef\u00fchrt hat, das u. a. die Hungerrate aktuell um 14 Millionen in einem Jahr auf 33,1 Mio gestiegen ist, Landlosigkeit und Gesundheitssch\u00e4den verst\u00e4rkt drastisch zunehmen und die nat\u00fcrlichen Ressourcen \u2013 Wasserquellen und Fl\u00fcsse \u2013 ebenso zunehmend verseucht und nicht mehr verwendbar sind. Die vor allem f\u00fcr neue Sojaanbaufl\u00e4chen notwendigen Abholzungen des Urwaldes sind mittlerweile an der Klima-Kipp-Punkt-Grenze angekommen, deren \u00dcberschreitung durch weitere Abholzungen f\u00fcr den Export das System Lunge des Planeten unwiderruflich zerst\u00f6rt. Und damit die Lebensgrundlagen aller.<\/p>\n\n\n\n<div class=\"wp-block-columns is-layout-flex wp-container-core-columns-is-layout-9d6595d7 wp-block-columns-is-layout-flex\">\n<div class=\"wp-block-column is-layout-flow wp-block-column-is-layout-flow\">\n<p><a href=\"https:\/\/oeko-und-fair.de\/wp-content\/uploads\/2023\/09\/parallelreport-Brasilien.-2023.pdf\">Parallelreport zu Brasilien 2023<\/a><\/p>\n<\/div>\n\n\n\n<div class=\"wp-block-column is-layout-flow wp-block-column-is-layout-flow\">\n<p><a href=\"https:\/\/oeko-und-fair.de\/wp-content\/uploads\/2023\/09\/Parallelreport-Brasilien-Rede-dt.2023.pdf\">Rede vor UN-ausschuss<\/a><\/p>\n<\/div>\n\n\n\n<div class=\"wp-block-column is-layout-flow wp-block-column-is-layout-flow\">\n<p><a href=\"https:\/\/oeko-und-fair.de\/wp-content\/uploads\/2023\/09\/PARALLELBERICHT_de.pdf\">Parallelbericht Umweltinstut<\/a><\/p>\n<\/div>\n<\/div>\n\n\n\n<hr class=\"wp-block-separator has-alpha-channel-opacity is-style-wide\"\/>\n\n\n\n<h3 class=\"wp-block-heading\">Interview: Ant\u00f4nio Andrioli \u00fcber Gentechnik &#8211; Risiken &amp; Folgen von CRISPR Cas f\u00fcr Mensch &amp; Natur<\/h3>\n\n\n\n<figure class=\"wp-block-embed is-type-video is-provider-youtube wp-block-embed-youtube wp-embed-aspect-16-9 wp-has-aspect-ratio\"><div class=\"wp-block-embed__wrapper\">\n<span class=\"embed-youtube\" style=\"text-align:center; display: block;\"><iframe loading=\"lazy\" class=\"youtube-player\" width=\"740\" height=\"417\" src=\"https:\/\/www.youtube.com\/embed\/bELXVKcIoXQ?version=3&#038;rel=1&#038;showsearch=0&#038;showinfo=1&#038;iv_load_policy=1&#038;fs=1&#038;hl=de-DE&#038;autohide=2&#038;wmode=transparent\" allowfullscreen=\"true\" style=\"border:0;\" sandbox=\"allow-scripts allow-same-origin allow-popups allow-presentation allow-popups-to-escape-sandbox\"><\/iframe><\/span>\n<\/div><\/figure>\n\n\n\n<div class=\"wp-block-columns is-layout-flex wp-container-core-columns-is-layout-9d6595d7 wp-block-columns-is-layout-flex\">\n<div class=\"wp-block-column is-layout-flow wp-block-column-is-layout-flow\">\n<hr class=\"wp-block-separator has-css-opacity is-style-wide\"\/>\n\n\n\n<h3 class=\"wp-block-heading\">Statement Ant\u00f4nio In\u00e1cio Andrioli \u00fcber die Folgen von gentechnisch ver\u00e4ndertem Soja in Brasilien<\/h3>\n<\/div>\n<\/div>\n\n\n\n<figure class=\"wp-block-embed is-type-video is-provider-youtube wp-block-embed-youtube wp-embed-aspect-16-9 wp-has-aspect-ratio\"><div class=\"wp-block-embed__wrapper\">\n<span class=\"embed-youtube\" style=\"text-align:center; display: block;\"><iframe loading=\"lazy\" class=\"youtube-player\" width=\"740\" height=\"417\" src=\"https:\/\/www.youtube.com\/embed\/3u7kH8gyEZQ?version=3&#038;rel=1&#038;showsearch=0&#038;showinfo=1&#038;iv_load_policy=1&#038;fs=1&#038;hl=de-DE&#038;autohide=2&#038;wmode=transparent\" allowfullscreen=\"true\" style=\"border:0;\" sandbox=\"allow-scripts allow-same-origin allow-popups allow-presentation allow-popups-to-escape-sandbox\"><\/iframe><\/span>\n<\/div><\/figure>\n\n\n\n<hr class=\"wp-block-separator has-text-color has-vivid-red-color has-css-opacity has-vivid-red-background-color has-background is-style-wide\"\/>\n\n\n\n<h3 class=\"wp-block-heading\">Gespr\u00e4ch mit Antonio Andrioli und Lis Cunha (Greenpeace) zum EU-Mercosur Abkommen<\/h3>\n\n\n\n<figure class=\"wp-block-embed is-type-video is-provider-youtube wp-block-embed-youtube wp-embed-aspect-16-9 wp-has-aspect-ratio\"><div class=\"wp-block-embed__wrapper\">\n<span class=\"embed-youtube\" style=\"text-align:center; display: block;\"><iframe loading=\"lazy\" class=\"youtube-player\" width=\"740\" height=\"417\" src=\"https:\/\/www.youtube.com\/embed\/Wsdnih3E2kQ?version=3&#038;rel=1&#038;showsearch=0&#038;showinfo=1&#038;iv_load_policy=1&#038;fs=1&#038;hl=de-DE&#038;autohide=2&#038;wmode=transparent\" allowfullscreen=\"true\" style=\"border:0;\" sandbox=\"allow-scripts allow-same-origin allow-popups allow-presentation allow-popups-to-escape-sandbox\"><\/iframe><\/span>\n<\/div><\/figure>\n\n\n\n<hr class=\"wp-block-separator has-text-color has-vivid-red-color has-css-opacity has-vivid-red-background-color has-background is-style-wide\"\/>\n\n\n\n<h2 class=\"wp-block-heading\">Wahlpr\u00fcfsteine 2021 der FDP &#8211; ein neoliberales Desaster!<\/h2>\n\n\n\n<div class=\"wp-block-columns is-layout-flex wp-container-core-columns-is-layout-9d6595d7 wp-block-columns-is-layout-flex\">\n<div class=\"wp-block-column is-layout-flow wp-block-column-is-layout-flow\" style=\"flex-basis:66.66%\">\n<p>Die FDP ist das Z\u00fcnglein an der Waage bei der Bildung der n\u00e4chsten Bundesregierung. Sie wird versuchen im Koalitionsvertrag ihre Ziele durchzusetzen. Das ist aus unserer Sicht ein R\u00fcckfall ins wirtschaftspolitsche Mittelalter.<\/p>\n\n\n\n<p>Die Aussagen der FDP zur neuen Gentechnik, zu Freihandelsabkommen, zur zuk\u00fcnftigen Landwirtschaft und zum Klimaschutz sind einfach gruselig. Lesen Sie selbst: Klick auf die Grafik \u00f6ffnet die PDF-Datei &#8211;&gt;<\/p>\n<\/div>\n\n\n\n<div class=\"wp-block-column is-layout-flow wp-block-column-is-layout-flow\" style=\"flex-basis:33.33%\">\n<figure class=\"wp-block-image size-large\"><a href=\"https:\/\/www.stopptgennahrungsmittel.de\/wp-content\/uploads\/2021\/09\/Wahlpruefsteine-FDP.pdf\" target=\"_blank\" rel=\"noopener\"><img loading=\"lazy\" decoding=\"async\" width=\"725\" height=\"1024\" src=\"https:\/\/www.stopptgennahrungsmittel.de\/wp-content\/uploads\/2021\/09\/Wahlpruefsteine-FDP_Seite_1-725x1024.jpg\" alt=\"\" class=\"wp-image-1173\" srcset=\"https:\/\/www.stopptgennahrungsmittel.de\/wp-content\/uploads\/2021\/09\/Wahlpruefsteine-FDP_Seite_1-725x1024.jpg 725w, https:\/\/www.stopptgennahrungsmittel.de\/wp-content\/uploads\/2021\/09\/Wahlpruefsteine-FDP_Seite_1-212x300.jpg 212w, https:\/\/www.stopptgennahrungsmittel.de\/wp-content\/uploads\/2021\/09\/Wahlpruefsteine-FDP_Seite_1-768x1085.jpg 768w, https:\/\/www.stopptgennahrungsmittel.de\/wp-content\/uploads\/2021\/09\/Wahlpruefsteine-FDP_Seite_1-1087x1536.jpg 1087w, https:\/\/www.stopptgennahrungsmittel.de\/wp-content\/uploads\/2021\/09\/Wahlpruefsteine-FDP_Seite_1-106x150.jpg 106w, https:\/\/www.stopptgennahrungsmittel.de\/wp-content\/uploads\/2021\/09\/Wahlpruefsteine-FDP_Seite_1.jpg 1241w\" sizes=\"auto, (max-width: 725px) 100vw, 725px\" \/><\/a><\/figure>\n<\/div>\n<\/div>\n\n\n\n<hr class=\"wp-block-separator has-text-color has-vivid-red-color has-css-opacity has-vivid-red-background-color has-background is-style-wide\"\/>\n\n\n\n<h3 class=\"wp-block-heading\">Wahlpr\u00fcfsteine zur BTW 2021 der Kanzlerkandidat*innen <strong>zu Gentechnik, Pestiziden, CETA, Mercosur<\/strong> u.a.<\/h3>\n\n\n\n<div class=\"wp-block-columns is-layout-flex wp-container-core-columns-is-layout-9d6595d7 wp-block-columns-is-layout-flex\">\n<div class=\"wp-block-column is-layout-flow wp-block-column-is-layout-flow\" style=\"flex-basis:66.66%\">\n<p class=\"has-text-align-left\">Die Interessensgemeinschaft gentechnikfreie Lebensmittel und Landwirtschaft e.V. hat anl\u00e4sslich der Bundestagswahl 2021 die Kanzlerkandidaten zu wesentlichen Grundsteinen des Wahlprogrammes befragt.<\/p>\n\n\n\n<p class=\"has-text-align-left\">&#8230;bisher hat sich nur das B\u00fcro der Gr\u00fcnen zur\u00fcckgemeldet&#8230;(s. Anhang) &#8211; &nbsp;es k\u00f6nnte sein, dass die Positionen der beiden Anderen<br>zu kontrair zu unseren W\u00fcnschen liegen&#8230;&nbsp;<br>Beim Thema Gentechnik m\u00f6chten wir &nbsp;nur kurz anmerken, dass auch eine weitere Kennzeichnung auf der Packung nicht davor sch\u00fctzt, dass die Gentechnik in die Verpackung kriecht durch Auskreuzung von (wissenschaftsbasisiertem) Anbau im Freiland zur Sicherheitsforschung..<\/p>\n<\/div>\n\n\n\n<div class=\"wp-block-column is-layout-flow wp-block-column-is-layout-flow\" style=\"flex-basis:33.33%\">\n<figure class=\"wp-block-image size-large\"><a href=\"Die Interessensgemeinschaft gentechnikfreie Lebensmittel und Landwirtschaft e.V. hat anl\u00e4sslich der Bundestagswahl 2021 die Kanzlerkandidaten zu wesentlichen Grundsteinen des Wahlprogrammes befragt.  ...bisher hat sich nur das B\u00fcro der Gr\u00fcnen zur\u00fcckgemeldet...(s. Anhang) -  es k\u00f6nnte sein, dass die Positionen der beiden Anderen  zu kontrair zu unseren W\u00fcnschen liegen...  ;-) Beim Thema Gentechnik m\u00f6chten wir  nur kurz anmerken, dass auch eine weitere Kennzeichnung auf der Packung nicht davor sch\u00fctzt, dass die Gentechnik in die Verpackung kriecht durch Auskreuzung von (wissenschaftsbasisiertem) Anbau im Freiland zur Sicherheitsforschung...  ;-) Als kritisch sehen wir die Standpunkte zu Mercosur und CETA  - die Vertr\u00e4ge werden nicht abgelehnt, sondern soll durch ein paar Ver\u00e4nderungen inhaltlicher Art gr\u00fcnentauglich werden. Aber immerhin hat unser monatelanges Qu\u00e4ngeln bei den Gr\u00fcnen doch etwas bewirkt. \" target=\"_blank\" rel=\"noopener\"><img loading=\"lazy\" decoding=\"async\" width=\"725\" height=\"1024\" src=\"https:\/\/www.stopptgennahrungsmittel.de\/wp-content\/uploads\/2021\/09\/Seiten-aus-Interessensgemeinschaft-gentechnikfreie-Lebensmittel-und-Landwirtschaft-e.-V.-725x1024.jpg\" alt=\"\" class=\"wp-image-1163\" srcset=\"https:\/\/www.stopptgennahrungsmittel.de\/wp-content\/uploads\/2021\/09\/Seiten-aus-Interessensgemeinschaft-gentechnikfreie-Lebensmittel-und-Landwirtschaft-e.-V.-725x1024.jpg 725w, https:\/\/www.stopptgennahrungsmittel.de\/wp-content\/uploads\/2021\/09\/Seiten-aus-Interessensgemeinschaft-gentechnikfreie-Lebensmittel-und-Landwirtschaft-e.-V.-212x300.jpg 212w, https:\/\/www.stopptgennahrungsmittel.de\/wp-content\/uploads\/2021\/09\/Seiten-aus-Interessensgemeinschaft-gentechnikfreie-Lebensmittel-und-Landwirtschaft-e.-V.-768x1085.jpg 768w, https:\/\/www.stopptgennahrungsmittel.de\/wp-content\/uploads\/2021\/09\/Seiten-aus-Interessensgemeinschaft-gentechnikfreie-Lebensmittel-und-Landwirtschaft-e.-V.-1087x1536.jpg 1087w, https:\/\/www.stopptgennahrungsmittel.de\/wp-content\/uploads\/2021\/09\/Seiten-aus-Interessensgemeinschaft-gentechnikfreie-Lebensmittel-und-Landwirtschaft-e.-V.-106x150.jpg 106w, https:\/\/www.stopptgennahrungsmittel.de\/wp-content\/uploads\/2021\/09\/Seiten-aus-Interessensgemeinschaft-gentechnikfreie-Lebensmittel-und-Landwirtschaft-e.-V..jpg 1241w\" sizes=\"auto, (max-width: 725px) 100vw, 725px\" \/><\/a><figcaption class=\"wp-element-caption\">Antwortschreiben der GR\u00dcNEN<\/figcaption><\/figure>\n<\/div>\n<\/div>\n\n\n\n<div class=\"wp-block-columns is-layout-flex wp-container-core-columns-is-layout-9d6595d7 wp-block-columns-is-layout-flex\">\n<div class=\"wp-block-column is-layout-flow wp-block-column-is-layout-flow\">\n<p class=\"has-text-align-left\">Als kritisch sehen wir die Standpunkte zu Mercosur und CETA&nbsp; &#8211; die Vertr\u00e4ge werden nicht abgelehnt, sondern sollen durch ein paar Ver\u00e4nderungen inhaltlicher Art gr\u00fcnentauglich werden.<\/p>\n\n\n\n<p class=\"has-text-align-left\">Aber immerhin hat unser monatelanges Qu\u00e4ngeln bei den Gr\u00fcnen doch etwas bewirkt.<\/p>\n<\/div>\n<\/div>\n\n\n\n<hr class=\"wp-block-separator has-text-color has-luminous-vivid-orange-color has-css-opacity has-luminous-vivid-orange-background-color has-background is-style-wide\"\/>\n\n\n\n<h3 class=\"wp-block-heading\">Steven Drukers Buch in deutscher Sprache erschienen<\/h3>\n\n\n\n<h1 class=\"wp-block-heading no-margin-top\"><span style=\"font-size: 14pt;\"><a href=\"https:\/\/www.stopptgennahrungsmittel.de\/wp-content\/uploads\/2021\/04\/47121110z.jpg\"><img loading=\"lazy\" decoding=\"async\" class=\"alignright size-medium wp-image-1150\" src=\"https:\/\/www.stopptgennahrungsmittel.de\/wp-content\/uploads\/2021\/04\/47121110z-201x300.jpg\" alt=\"\" width=\"201\" height=\"300\" srcset=\"https:\/\/www.stopptgennahrungsmittel.de\/wp-content\/uploads\/2021\/04\/47121110z-201x300.jpg 201w, https:\/\/www.stopptgennahrungsmittel.de\/wp-content\/uploads\/2021\/04\/47121110z-101x150.jpg 101w, https:\/\/www.stopptgennahrungsmittel.de\/wp-content\/uploads\/2021\/04\/47121110z.jpg 402w\" sizes=\"auto, (max-width: 201px) 100vw, 201px\" \/><\/a><strong>Manipulierte Gene &#8211; Verdrehte Wahrheit<\/strong><\/span><\/h1>\n\n\n\n<p>Wie mit dem Wagnis, unsere Nahrung gentechnisch zu ver\u00e4ndern, die Wissenschaft untergraben, die Regierung korrumpiert und die \u00d6ffentlichkeit systematisch get\u00e4uscht wurde<\/p>\n\n\n\n<p>Ein sorgf\u00e4ltig recheriertes Buch \u00fcber die unverantwortlichen Machenschaften der<br>Bef\u00fcrworter von gentechnisch ver\u00e4nderter Nahrung und deren Zusammenarbeit mit<br>Gro\u00dfkonzernen, Wissenschaft und Politik, der US Food and Drug Aministration sowie<br>der Medien und der bewussten T\u00e4uschung und dem <span class=\"additional\"> Betrug an der Bev\u00f6lkerung.<br><\/span><\/p>\n\n\n\n<p>Kamphausen Media GmbH<br>ISBN: 9783958831476<br>\u20ac 29.99<\/p>\n\n\n\n<hr class=\"wp-block-separator has-css-opacity\"\/>\n\n\n\n<h3 class=\"wp-block-heading\">Antonio Andriolis neues Buch erschienen<\/h3>\n\n\n\n<h4 class=\"wp-block-heading\"><b>Brasilien zwischen Hoffnung und Illusionen \u2013 kritische Blicke auf ein Land in der (\u00d6ko-)<\/b><b>Krise<\/b><\/h4>\n\n\n<div class=\"wp-block-image\">\n<figure class=\"alignright\"><a href=\"http:\/\/www.stopptgennahrungsmittel.de\/wp-content\/uploads\/2020\/10\/Kopie-2-von-Buch.jpg\"><img loading=\"lazy\" decoding=\"async\" width=\"212\" height=\"300\" src=\"http:\/\/www.stopptgennahrungsmittel.de\/wp-content\/uploads\/2020\/10\/Kopie-2-von-Buch-212x300.jpg\" alt=\"\" class=\"wp-image-1137\" srcset=\"https:\/\/www.stopptgennahrungsmittel.de\/wp-content\/uploads\/2020\/10\/Kopie-2-von-Buch-212x300.jpg 212w, https:\/\/www.stopptgennahrungsmittel.de\/wp-content\/uploads\/2020\/10\/Kopie-2-von-Buch-106x150.jpg 106w, https:\/\/www.stopptgennahrungsmittel.de\/wp-content\/uploads\/2020\/10\/Kopie-2-von-Buch.jpg 222w\" sizes=\"auto, (max-width: 212px) 100vw, 212px\" \/><\/a><\/figure>\n<\/div>\n\n\n<p>Der brasilianische Agrarwissenschaftler Antonio In\u00e1cio Andrioli ist in Deutschland vor allem in der Umwelt- und alternativen Agrarbewegung bekannt. Seine in Osnabrueck entstandene Dissertation zum Thema genmanipulierte Soja wurde bereits 2007 als Buch ver\u00f6ffentlicht (Bio-Soja versus Gensoja, Peter Lang \u2013 Europ\u00e4ischer Verlag der Wissenschaften). Danach folgten Beitr\u00e4ge in den Sammelb\u00e4nden <i>Gensoja \u2013 so nein<\/i> und <i>Die Saat des B\u00f6sen <\/i>sowie zahlreiche weitere Artikel und Interviews in Europa und Brasilien, u.a. auch in der SoZ. Auf vielen Veranstaltungen in Deutschland ist A. Andrioli seit Jahren kompetenter Referent. Mit seinem neuen Buch im deutschen Sprachraum sowie auf Portugiesisch <i>Brasilien zwischen Hoffnung und Illusionen <\/i>legt Antonio Andrioli eine Sammlung von ausgew\u00e4hlten Artikeln und Analysen vor, die er w\u00e4hrend der letzten 20 Jahre und bei seinen Aufenthalten in Deutschland und \u00d6sterreich sowie in Brasilien selbst verfasst hat. Schwerpunkte sind die Entwicklung der Arbeiterpartei PT, ihre Politik unter der Regierung Lula bzw. Dilma Rousseff, die Agrarfrage, eine substantielle Kritik des Gensojanbaus in Brasilien und seiner Bedeutung fuer die EU. Ausserdem finden sich einige Artikel, in denen A. Andrioli seine ersten Eindruecke in Deutschland und Europa verarbeitet hat. Die brasilianische Version (Que Brasil \u00e9 esse?) ist noch wesentlich umfangreicher und erscheint in Kuerze. Seine Kommentare und Analysen liefern ausgezeichnete Materialien zum Thema Gensoja in der Landwirtschaft, aber auch, um die juengere politische und soziale Entwicklung in Brasilien sowie Glanz und Elend seiner politischen Linken zu verstehen. Aus heutiger Sicht k\u00f6nnte man zu der Einsch\u00e4tzung gelangen: es war eine Art langer Vorlauf zum Machtantritt des Bolsonarismus im Januar 2019, der das Land inzwischen in eine katastrophale Zuspitzung der Sozial- und Umweltkrise getrieben hat. Bedingt durch den kolossalen Rechtsruck in Brasilien und ueble Machenschaften des Bildungsministeriums hat Antonio Andrioli selbst im letzten Jahr seine Stelle als Vize-Rektor der dezentralen Sueduniversit\u00e4t (UFF<span style=\"color: #ce181e;\">S<\/span>) verloren, an deren Gruendungskonzeption er massgeblich beteiligt war. Auch als Vertreter des Landwirtschaftsministeriums in der Bundeskommission zur Zulassungsbeurteilung gentechnisch ver\u00e4nderten Saatsguts (CNTBio) war er nicht mehr erwuenscht. Antonio Andrioli wurde fuer sein Engagement und seine kritische wissenschaftliche Arbeit Anfang 2020 mit dem Naturschutzpreis des BUND Bayern ausgezeichnet.<\/p>\n\n\n\n<p><i>Hermann Dierkes<\/i><\/p>\n\n\n\n<p><b>Antonio Andrioli, Brasilien zwischen Hoffnung und Illusionen \u2013 kritische Blicke auf ein Land in der (\u00d6ko-)<\/b><b>Krise, Oekom Verlag Muenchen, Okt 2020, 280 Seiten, Preis 26 \u20ac<\/b><\/p>\n\n\n\n<p><a href=\"https:\/\/www.oekom.de\/buch\/brasilien-zwischen-hoffnung-und-illusion-9783962382605\">https:\/\/www.oekom.de\/buch\/brasilien-zwischen-hoffnung-und-illusion-9783962382605<\/a><\/p>\n\n\n\n<hr class=\"wp-block-separator has-css-opacity\"\/>\n\n\n\n<h3 class=\"wp-block-heading\">Mit Hilfe unserer Spenden wurde ein ger\u00e4umtes Dorf der Landlosen wieder aufgebaut.<\/h3>\n\n\n\n<p><iframe loading=\"lazy\" src=\"\/\/www.youtube.com\/embed\/8dJxzIhfSrw\" allowfullscreen=\"allowfullscreen\" width=\"560\" height=\"314\"><\/iframe><\/p>\n\n\n\n<p>Die Gemeinde Alecrim in Pinh\u00e3o (Paran\u00e1), die Ende 2017 eine Zwangsr\u00e4umung erlebte und mit Hilfe von Spenden aus Deutschland unterst\u00fctzt wurde, ist wieder aufgebaut und hilft den \u00c4rmsten in der Region mit der Spende von Lebensmitteln in Zeiten der Corona-Pandemie<\/p>\n\n\n\n<hr class=\"wp-block-separator has-css-opacity\"\/>\n\n\n<div class=\"wp-block-image\">\n<figure class=\"alignright\"><img loading=\"lazy\" decoding=\"async\" width=\"150\" height=\"150\" src=\"http:\/\/www.stopptgennahrungsmittel.de\/wp-content\/uploads\/2020\/02\/Antonio-Andrioli-150x150.jpg\" alt=\"\" class=\"wp-image-1124\"\/><\/figure>\n<\/div>\n\n\n<h3 class=\"wp-block-heading\">Prof. Antonio Andrioli forscht im Rachel Carson Center der LMU M\u00fcnchen<\/h3>\n\n\n<div class=\"wp-block-image\">\n<figure class=\"alignright\"><img loading=\"lazy\" decoding=\"async\" width=\"300\" height=\"152\" src=\"http:\/\/www.stopptgennahrungsmittel.de\/wp-content\/uploads\/2020\/02\/20200218_Mercosur_und_EU_Sharepic-300x152.jpg\" alt=\"\" class=\"wp-image-1125\" srcset=\"https:\/\/www.stopptgennahrungsmittel.de\/wp-content\/uploads\/2020\/02\/20200218_Mercosur_und_EU_Sharepic-300x152.jpg 300w, https:\/\/www.stopptgennahrungsmittel.de\/wp-content\/uploads\/2020\/02\/20200218_Mercosur_und_EU_Sharepic-1024x520.jpg 1024w, https:\/\/www.stopptgennahrungsmittel.de\/wp-content\/uploads\/2020\/02\/20200218_Mercosur_und_EU_Sharepic-768x390.jpg 768w, https:\/\/www.stopptgennahrungsmittel.de\/wp-content\/uploads\/2020\/02\/20200218_Mercosur_und_EU_Sharepic-150x76.jpg 150w, https:\/\/www.stopptgennahrungsmittel.de\/wp-content\/uploads\/2020\/02\/20200218_Mercosur_und_EU_Sharepic.jpg 1088w\" sizes=\"auto, (max-width: 300px) 100vw, 300px\" \/><\/figure>\n<\/div>\n\n\n<p>Nach der Ehrung mit dem Bayerischen Naturschutzpreis durch den BN ist Andrioli auf einer Vortragsreise durch Deutschland. In Gespr\u00e4chen mit Ministerien, Verb\u00e4nden und NGOs warnt Andrioli eindr\u00fccklich davor, das EU-Mercosur-Freihandelsabkommen zu ratifizieren. Andrioli: &#8222;Das EU-Mercosur-Abkommen dient nur der Profitsteigerung europ\u00e4ischer Autokonzerne und s\u00fcdamerikanischer Gro\u00dfgrundbesitzer, schadet aber den Bauern auf beiden Seiten, f\u00fchrt zu noch mehr Abholzung und Pestizideinsatz in Brasilien, Argentinien und Paraguay und zu Vertreibung von Landlosen und Indigenen. Mercosur unterst\u00fctzt Menschenrechtsverletzungen in gr\u00f6\u00dftem Ausma\u00df und muss unbedingt gestoppt werden.&#8220;<\/p>\n\n\n\n<hr class=\"wp-block-separator has-css-opacity\"\/>\n\n\n\n<h3 class=\"wp-block-heading\">Vertreibungen in Brasilien mit Unterst\u00fctzung des Bolsonaro-Wahns gehen weiter.<\/h3>\n\n\n\n<p><iframe loading=\"lazy\" src=\"https:\/\/www.youtube.com\/embed\/TjHdZvmc5HY\" allowfullscreen=\"allowfullscreen\" width=\"560\" height=\"315\" frameborder=\"0\"><\/iframe><\/p>\n\n\n\n<p>So wie in der Gemeinde Trememb\u00e9 im Bundesland Maranh\u00e3o, so geht es derzeit in ganz Brasilien zu. Landlose und Indigene werden vertrieben und ermordet. Alles mit Unterst\u00fctzung von Bolsonaro, der Justiz, der Polizei und den Milizen der Gro\u00dfgrundbesitzer.<\/p>\n\n\n\n<p>Und Europa als Importeur des billigen brasilianischen Soja sieht tatenlos zu&#8230;<\/p>\n\n\n\n<hr class=\"wp-block-separator has-css-opacity\"\/>\n\n\n\n<h3 class=\"wp-block-heading\">Berichterstattung \u00fcber Argentinien und Deutschland beim<br>UN-Ausschuss f\u00fcr wirtschaftliche,soziale und kulturelle Menschenrechte am 24. Sept. in Genf<\/h3>\n\n\n<div class=\"wp-block-image\">\n<figure class=\"alignright\"><a href=\"http:\/\/www.stopptgennahrungsmittel.de\/wp-content\/uploads\/2018\/09\/Flag_of_Argentina.png\"><img loading=\"lazy\" decoding=\"async\" width=\"300\" height=\"188\" src=\"http:\/\/www.stopptgennahrungsmittel.de\/wp-content\/uploads\/2018\/09\/Flag_of_Argentina-300x188.png\" alt=\"\" class=\"wp-image-1032\" srcset=\"https:\/\/www.stopptgennahrungsmittel.de\/wp-content\/uploads\/2018\/09\/Flag_of_Argentina-300x188.png 300w, https:\/\/www.stopptgennahrungsmittel.de\/wp-content\/uploads\/2018\/09\/Flag_of_Argentina-768x480.png 768w, https:\/\/www.stopptgennahrungsmittel.de\/wp-content\/uploads\/2018\/09\/Flag_of_Argentina-1024x640.png 1024w, https:\/\/www.stopptgennahrungsmittel.de\/wp-content\/uploads\/2018\/09\/Flag_of_Argentina-150x94.png 150w, https:\/\/www.stopptgennahrungsmittel.de\/wp-content\/uploads\/2018\/09\/Flag_of_Argentina.png 2000w\" sizes=\"auto, (max-width: 300px) 100vw, 300px\" \/><\/a><\/figure>\n<\/div>\n\n\n<p>Sowohl <a href=\"http:\/\/www.stopptgennahrungsmittel.de\/?page_id=123\">Deutschland <\/a>als auch <a href=\"http:\/\/www.stopptgennahrungsmittel.de\/?page_id=145\">Argentinien<\/a> m\u00fcssen erneut ihre Menschenrechtspolitik am 24.9.2018 vor der UNO rechtfertigen. Im Mittelpunkt stehen dabei die Agrogentechnik (Gen-Soja, Gen-Mais) und die dadurch erzwungene Verwendung von Pestiziden (Roundup mit dem Wirkstoff Glyphosat). Durch die industrielle Landwirtschaft werden Vertreibung, Hunger, Krankheit und Armut unter der (indigenen) Bev\u00f6lkerung Argentieniens ausgel\u00f6st.<\/p>\n\n\n<div class=\"wp-block-image\">\n<figure class=\"alignright\"><a href=\"http:\/\/www.stopptgennahrungsmittel.de\/wp-content\/uploads\/2018\/09\/verzenassi.jpg\"><img loading=\"lazy\" decoding=\"async\" width=\"150\" height=\"150\" src=\"http:\/\/www.stopptgennahrungsmittel.de\/wp-content\/uploads\/2018\/09\/verzenassi-150x150.jpg\" alt=\"\" class=\"wp-image-1029\"\/><\/a><figcaption class=\"wp-element-caption\">Dami\u00e1n Verze\u00f1assi<\/figcaption><\/figure>\n<\/div>\n\n\n<p>Deutschland importiert die toxisch belasteten Futtermittel in gro\u00dfen Mengen, die \u00fcber Schweine, K\u00fche und H\u00fchner in die Nahrungskette gelangen, wodurch die Gesundheit der Bev\u00f6lkerung beeintr\u00e4chtigt wird.<\/p>\n\n\n\n<p>Die &#8222;Aktion Gen-Klage&#8220; unterst\u00fctzt die argentinischen Beschwerdef\u00fchrer. Der <strong>Arzt Dami\u00e1n Verze\u00f1assi und der Anwalt Juan Ignacio Pereyra Queles<\/strong>, bekannt durch ihre Teilnahme am <strong>Monsanto-Tribunal<\/strong> berichten \u00fcber die Folgen von Glyphosat in Argentinien.<\/p>\n\n\n<div class=\"wp-block-image\">\n<figure class=\"alignright\"><a href=\"http:\/\/www.stopptgennahrungsmittel.de\/wp-content\/uploads\/2018\/09\/queles.jpg\"><img loading=\"lazy\" decoding=\"async\" width=\"150\" height=\"150\" src=\"http:\/\/www.stopptgennahrungsmittel.de\/wp-content\/uploads\/2018\/09\/queles-150x150.jpg\" alt=\"\" class=\"wp-image-1030\"\/><\/a><figcaption class=\"wp-element-caption\">Juan Ignacio Pereyra Queles<\/figcaption><\/figure>\n<\/div>\n\n\n<p>Auf einer Rundreise im September\/Oktober durch Deutschland, Schweiz und \u00d6sterreich, berichten die beiden in <strong>8 \u00f6ffentlichen Veranstaltungen<\/strong> \u00fcber ihre Vorw\u00fcrfe an die Regierungen und die Agro-Industrie wegen massiver Menschenrechtsverletzungen.<\/p>\n\n\n\n<p>hier geht&#8217;s zum <span style=\"text-decoration: underline;\"><a href=\"http:\/\/www.stopptgennahrungsmittel.de\/wp-content\/uploads\/2018\/09\/Veranstaltungsprogramm.pdf\">Veranstaltungsprogramm<\/a><\/span><\/p>\n\n\n\n<hr class=\"wp-block-separator has-css-opacity\"\/>\n\n\n\n<h3 class=\"wp-block-heading\"><a href=\"http:\/\/www.stopptgennahrungsmittel.de\/wp-content\/uploads\/2018\/04\/Spendenaufruf-Brasilien-1.pdf\"><img loading=\"lazy\" decoding=\"async\" class=\"alignright wp-image-1000 size-medium\" src=\"http:\/\/www.stopptgennahrungsmittel.de\/wp-content\/uploads\/2018\/04\/Spendenaufruf-Brasilien-212x300.jpg\" alt=\"\" width=\"212\" height=\"300\" srcset=\"https:\/\/www.stopptgennahrungsmittel.de\/wp-content\/uploads\/2018\/04\/Spendenaufruf-Brasilien-212x300.jpg 212w, https:\/\/www.stopptgennahrungsmittel.de\/wp-content\/uploads\/2018\/04\/Spendenaufruf-Brasilien-768x1085.jpg 768w, https:\/\/www.stopptgennahrungsmittel.de\/wp-content\/uploads\/2018\/04\/Spendenaufruf-Brasilien-725x1024.jpg 725w, https:\/\/www.stopptgennahrungsmittel.de\/wp-content\/uploads\/2018\/04\/Spendenaufruf-Brasilien-106x150.jpg 106w, https:\/\/www.stopptgennahrungsmittel.de\/wp-content\/uploads\/2018\/04\/Spendenaufruf-Brasilien.jpg 1241w\" sizes=\"auto, (max-width: 212px) 100vw, 212px\" \/><\/a>Spendenaufruf f\u00fcr den Wiederaufbau in Paran\u00e1<\/h3>\n\n\n\n<p>Wir bitten Sie um eine Spende&nbsp; zum Wiederaufbau der &nbsp;beiden zerst\u00f6rten D\u00f6rfer und damit&nbsp; zur Wiederherstellung der Ern\u00e4hrungssouver\u00e4nit\u00e4t dieser rechtlosen Menschen in Brasilien auf das Konto des Brasilien-Informationsdienstes:<br>Casa do Brasil e.V.<br>Verwendungszweck: Spende Parana<br>Postgiroamt M\u00fcnchen, IBAN: DE 12 7001 0080 0231 3118 02 BIC\/SWIFT: PBNKDEFF<\/p>\n\n\n\n<hr class=\"wp-block-separator has-css-opacity\"\/>\n\n\n\n<h3 class=\"wp-block-heading\">Dringender Aufruf zum Stopp der Vertreibungen in Brasilien<\/h3>\n\n\n\n<figure class=\"wp-block-embed is-type-video is-provider-youtube wp-block-embed-youtube wp-embed-aspect-16-9 wp-has-aspect-ratio\"><div class=\"wp-block-embed__wrapper\">\n<span class=\"embed-youtube\" style=\"text-align:center; display: block;\"><iframe loading=\"lazy\" class=\"youtube-player\" width=\"740\" height=\"417\" src=\"https:\/\/www.youtube.com\/embed\/HFGG-vZl5U8?version=3&#038;rel=1&#038;showsearch=0&#038;showinfo=1&#038;iv_load_policy=1&#038;fs=1&#038;hl=de-DE&#038;autohide=2&#038;wmode=transparent\" allowfullscreen=\"true\" style=\"border:0;\" sandbox=\"allow-scripts allow-same-origin allow-popups allow-presentation allow-popups-to-escape-sandbox\"><\/iframe><\/span>\n<\/div><\/figure>\n\n\n<div class=\"wp-block-image\">\n<figure class=\"alignleft\"><a href=\"http:\/\/www.stopptgennahrungsmittel.de\/wp-content\/uploads\/2017\/12\/IMG-20171209-WA0031.jpg\"><img loading=\"lazy\" decoding=\"async\" width=\"150\" height=\"150\" src=\"http:\/\/www.stopptgennahrungsmittel.de\/wp-content\/uploads\/2017\/12\/IMG-20171209-WA0031-150x150.jpg\" alt=\"\" class=\"wp-image-974\"\/><\/a><\/figure>\n<\/div>\n\n<div class=\"wp-block-image\">\n<figure class=\"alignleft\"><a href=\"http:\/\/www.stopptgennahrungsmittel.de\/wp-content\/uploads\/2017\/12\/IMG-20171209-WA0020.jpg\"><img loading=\"lazy\" decoding=\"async\" width=\"150\" height=\"150\" src=\"http:\/\/www.stopptgennahrungsmittel.de\/wp-content\/uploads\/2017\/12\/IMG-20171209-WA0020-150x150.jpg\" alt=\"\" class=\"wp-image-975\"\/><\/a><\/figure>\n<\/div>\n\n<div class=\"wp-block-image\">\n<figure class=\"alignleft\"><a href=\"http:\/\/www.stopptgennahrungsmittel.de\/wp-content\/uploads\/2017\/12\/IMG-20171209-WA0017.jpg\"><img loading=\"lazy\" decoding=\"async\" width=\"150\" height=\"150\" src=\"http:\/\/www.stopptgennahrungsmittel.de\/wp-content\/uploads\/2017\/12\/IMG-20171209-WA0017-150x150.jpg\" alt=\"\" class=\"wp-image-976\"\/><\/a><\/figure>\n<\/div>\n\n<div class=\"wp-block-image\">\n<figure class=\"alignleft\"><a href=\"http:\/\/www.stopptgennahrungsmittel.de\/wp-content\/uploads\/2017\/12\/IMG-20171209-WA0003.jpg\"><img loading=\"lazy\" decoding=\"async\" width=\"150\" height=\"150\" src=\"http:\/\/www.stopptgennahrungsmittel.de\/wp-content\/uploads\/2017\/12\/IMG-20171209-WA0003-150x150.jpg\" alt=\"\" class=\"wp-image-977\"\/><\/a><\/figure>\n<\/div>\n\n\n<p><strong>Solidarit\u00e4tserkl\u00e4rung<\/strong>: <a href=\"http:\/\/www.stopptgennahrungsmittel.de\/wp-content\/uploads\/2017\/12\/Mo\u00e7\u00e3o-de-solidariedade-e-rep\u00fadio.pdf\">Mo\u00e7\u00e3o de solidariedade e rep\u00fadio<\/a><\/p>\n\n\n\n<p>bitte das unten stehende Formular herunterladen, am Ende mit Name und Adresse personalisieren und an folgende Adressen schicken:<\/p>\n\n\n\n<p>EU-Menschenrechtsausschuss: <a href=\"mailto:droi-secretariat@ep.europa.eu\">droi-secretariat@ep.europa.eu<br><\/a>EU-Ausschuss f\u00fcr internationalen Handel: <a href=\"mailto:inta-secretariat@ep.europa.eu\">inta-secretariat@ep.europa.eu<br><\/a>EU-Ausschuss f\u00fcr Landwirtschaft und Agrarpolitik: <a href=\"mailto:agri-secretariat@ep.europa.eu\">agri-secretariat@ep.europa.eu<\/a><br>EU-Ausschuss f\u00fcr ausw\u00e4rtige Angelegenheiten: <a href=\"mailto:afet-secretariat@ep.europa.eu\">afet-secretariat@ep.europa.eu<br><\/a>Ausschuss f\u00fcr Menschenrechte im Deutschen Bundestag: <a href=\"mailto:menschenrechtsausschuss@bundestag.de\">menschenrechtsausschuss<br>@bundestag.de<br><\/a>Ausschuss f\u00fcr Landwirtschaft und Ern\u00e4hrung im Dt. Bundestag: <a href=\"mailto:el-ausschuss@bundestag.de\">el-ausschuss@bundestag.de<\/a><\/p>\n\n\n<div class=\"wp-block-image\">\n<figure class=\"alignleft\"><a href=\"http:\/\/www.stopptgennahrungsmittel.de\/wp-content\/uploads\/2017\/12\/Vertreibung-und-Landraub-in-Brasilien.pdf\"><img loading=\"lazy\" decoding=\"async\" width=\"724\" height=\"1024\" src=\"http:\/\/www.stopptgennahrungsmittel.de\/wp-content\/uploads\/2017\/12\/Vertreibung-und-Landraub-in-Brasilien_Seite_1-724x1024.jpg\" alt=\"\" class=\"wp-image-971\" srcset=\"https:\/\/www.stopptgennahrungsmittel.de\/wp-content\/uploads\/2017\/12\/Vertreibung-und-Landraub-in-Brasilien_Seite_1-724x1024.jpg 724w, https:\/\/www.stopptgennahrungsmittel.de\/wp-content\/uploads\/2017\/12\/Vertreibung-und-Landraub-in-Brasilien_Seite_1-212x300.jpg 212w, https:\/\/www.stopptgennahrungsmittel.de\/wp-content\/uploads\/2017\/12\/Vertreibung-und-Landraub-in-Brasilien_Seite_1-768x1086.jpg 768w, https:\/\/www.stopptgennahrungsmittel.de\/wp-content\/uploads\/2017\/12\/Vertreibung-und-Landraub-in-Brasilien_Seite_1-106x150.jpg 106w, https:\/\/www.stopptgennahrungsmittel.de\/wp-content\/uploads\/2017\/12\/Vertreibung-und-Landraub-in-Brasilien_Seite_1.jpg 794w\" sizes=\"auto, (max-width: 724px) 100vw, 724px\" \/><\/a><\/figure>\n<\/div>\n\n\n<hr class=\"wp-block-separator has-css-opacity\"\/>\n\n\n\n<h3 class=\"wp-block-heading\">Prof. Antonio Andrioli (Brasilien) auf Deutschlandtournee<\/h3>\n\n\n<div class=\"wp-block-image\">\n<figure class=\"alignleft\"><a href=\"http:\/\/www.stopptgennahrungsmittel.de\/wp-content\/uploads\/2017\/11\/img_0019.jpg\"><img loading=\"lazy\" decoding=\"async\" width=\"150\" height=\"150\" src=\"http:\/\/www.stopptgennahrungsmittel.de\/wp-content\/uploads\/2017\/11\/img_0019-150x150.jpg\" alt=\"\" class=\"wp-image-949\"\/><\/a><\/figure>\n<\/div>\n\n\n<p>Der Putsch in Brasilien hat eine Regierung der Reichen und der Gro\u00dfgrundbesitzer an die Macht gebracht. Blairo Maggi, der gr\u00f6\u00dfte Sojaproduzent der Welt, wurde Landwirtschaftsminister. Er wurde weltweit deswegen bekannt, weil er als Gouverneur der Privinz Mato Grosso \u201eals Kettens\u00e4ger\u201c (Greenpeace) verantwortlich f\u00fcr die Entwaldung von 40 % des Landes war. Errungenschaften der Vergangenheit werden durch Dekrete und neue Gesetze zugunsten der Lobbyisten wieder abgeschafft. Antonio Andreoli berichtet in seinen Vortr\u00e4gen \u00fcber die dramatisch verschlechterten Verh\u00e4ltnisse f\u00fcr Landwirtschaft, Umweltschutz, Bildung, Forschung, Regenwald und vor allem f\u00fcr die Bauern. Der Sojaanbau mit Hilfe von Agrogentechnik wird ausgeweitet. Landraub und Vertreibung setzen der indigenen Bev\u00f6lkerung stark zu.<\/p>\n\n\n\n<p>Andrioli wird bayerische und deutsche Ministerien besuchen, um Hilfe f\u00fcr Brasilien gegen die korrupte brasilianische Regierung zu erbitten.<\/p>\n\n\n\n<h4 class=\"wp-block-heading\">Termine der Vortr\u00e4ge:<\/h4>\n\n\n\n<p>14.11.2017 19:30 Uhr Hotel Wildbad, Taubertalweg 42, 91541 Rothenburg ob der Tauber<\/p>\n\n\n\n<p>15.11.2017 20:00 Uhr Gasthof Michl-Wirt, Steiner Str. 1 \u2013 3, 83349 Palling Landkreis Traunstein<\/p>\n\n\n\n<p>16.11.2017 19:30 Uhr Hotel Plankenhof, Dorf 6, 6136 Pill bei Schwaz \u00d6sterreich<\/p>\n\n\n\n<p>17.11.2017 19:30 Uhr Chiemgau Akademie, H\u00f6geringer Str. 25, 83071 Stephanskirchen OT H\u00f6gering<\/p>\n\n\n\n<p>18.11.2017 19:00 Uhr Kriechbaumhof, Preysingstr. 71, 81667 M\u00fcnchen<\/p>\n\n\n\n<p>20.11.2017 20:00 Uhr Hotel &amp; Rasthof Seligweiler Gro\u00dfer Saal, Seligweiler 1, 89081 Ulm \u2013 Seligweiler (Autobahnrastst\u00e4tte an der A8)<\/p>\n\n\n\n<p>21.11.2017 19:30 Uhr Hotel am Regenbogen, Sch\u00fctzenstr. 14, 93413 Cham<\/p>\n\n\n\n<p>23.11.2017 19:00 Uhr Heinrich-B\u00f6ll-Stiftung, Schumannstr. 8, 10117 Berlin<\/p>\n\n\n\n<p>27.11.2017 19:00 Uhr Werkstatt 3, Nernstweg 32, 22765 Hamburg &#8211; Altona<\/p>\n\n\n\n<p>Wer f\u00fcr die Deckung der Kosten der Rundreise spenden m\u00f6chte, kann dies gern auf folgendes Konto tun:<\/p>\n\n\n\n<p>Interessensgemeinschaft gentechnikfreie Lebensmittel und Landwirtschaft<br>Betreff: Antonio<br>IBAN: DE 64&nbsp; 7025&nbsp; 0150 0027 4597 91 <strong><br><\/strong>oder <strong><br><\/strong><\/p>\n\n\n\n<p><strong><a href=\"http:\/\/www.stopptgennahrungsmittel.de\/?page_id=21\">Jetzt spenden!<\/a><\/strong><\/p>\n\n\n\n<hr class=\"wp-block-separator has-css-opacity\"\/>\n\n\n\n<h3 class=\"wp-block-heading\">62. Sitzung des UN-Menschenrechtsausschusses in Genf vom 18.9.-6.10.2017<\/h3>\n\n\n\n<h4 class=\"wp-block-heading\">Kolumbien (19.-20.9.) und Mexico (25.9.) berichten \u00fcber Menschenrechtsverletzungen durch Agro-Gentechnik in ihren L\u00e4ndern.<\/h4>\n\n\n\n<p>Aktion GENKlage unterst\u00fctzt und begleitet beide Delegationen in Genf und organisiert anschlie\u00dfend eine Vortragsreise durch Deutschland:<\/p>\n\n\n\n<h5 class=\"wp-block-heading\"><a href=\"http:\/\/www.stopptgennahrungsmittel.de\/wp-content\/uploads\/2014\/12\/Vortrag.jpg\"><img loading=\"lazy\" decoding=\"async\" class=\"alignright wp-image-844 size-medium\" src=\"http:\/\/www.stopptgennahrungsmittel.de\/wp-content\/uploads\/2014\/12\/Vortrag-212x300.jpg\" alt=\"\" width=\"212\" height=\"300\" srcset=\"https:\/\/www.stopptgennahrungsmittel.de\/wp-content\/uploads\/2014\/12\/Vortrag-212x300.jpg 212w, https:\/\/www.stopptgennahrungsmittel.de\/wp-content\/uploads\/2014\/12\/Vortrag-768x1086.jpg 768w, https:\/\/www.stopptgennahrungsmittel.de\/wp-content\/uploads\/2014\/12\/Vortrag-724x1024.jpg 724w, https:\/\/www.stopptgennahrungsmittel.de\/wp-content\/uploads\/2014\/12\/Vortrag-106x150.jpg 106w, https:\/\/www.stopptgennahrungsmittel.de\/wp-content\/uploads\/2014\/12\/Vortrag.jpg 794w\" sizes=\"auto, (max-width: 212px) 100vw, 212px\" \/><\/a>20.9. Kolumbianer in Freising<\/h5>\n\n\n\n<p>In <strong>Kolumbien<\/strong> weitet sich der Anbau von gentechnisch<br>ver\u00e4ndertem Mais rasant aus. Neben katastrophalen \u00f6kologischen Folgen ergeben sich zus\u00e4tzliche soziale Konflikte. Bauern werden \u00fcber Lizenzen abh\u00e4ngig von Saatgut-Konzernen. Pollen aus gen-technisch ver\u00e4ndertem Mais kontaminiert angestammte Maissorten. Um vorhandene Fl\u00e4chen entsteht Konkurrenz. Agrar-Industrie verdr\u00e4ngt traditionelle Landnutzung und ist auf lukrativen Export ausgerichtet, anstatt die heimische Bev\u00f6lkerung ausreichend zu versorgen. \u00dcber all diese Missst\u00e4nde wird German Velez von der kolumbianischen Organisation Grupo Semillas zun\u00e4chst dem UN-Menschenrechtsausschuss in Genf berichten und dann in Freising, wobei simultan \u00fcbersetzt wird.<br>Referent: German Velez | \u00dcbersetzung durch Franz Melf<br>Termin: Mittwoch 20. September 2017 ab 19:30 Uhr<br>Lokalit\u00e4t: Pfarr-Saal \u201eSankt Georg\u201c am Rindermarkt 3 in Freising<\/p>\n\n\n\n<p>Mit Ihrer <span style=\"text-decoration: underline;\"><a href=\"https:\/\/www.paypal.com\/de\/cgi-bin\/webscr?cmd=_flow&amp;SESSION=2qSVpb_CzfUbptqZwwiQ80H2KcqqhzYP7qScwisKQC2otxFIsHicH75dfiS&amp;dispatch=5885d80a13c0db1f8e263663d3faee8d795bb2096d7a7643a72ab88842aa1f54&amp;rapidsState=Donation__DonationFlow___StateDonationLogin&amp;rapidsStateSignature=c9f3fd5f463ed4f09b94b5f139829bcd8b2ae048\">Spende <\/a><\/span>unterst\u00fctzen Sie die kolumbianischen Bauern!<\/p>\n\n\n\n<h5 class=\"wp-block-heading\"><a href=\"http:\/\/www.stopptgennahrungsmittel.de\/wp-content\/uploads\/2014\/12\/FlyerImker_Vorderseite_klein-1.pdf\"><img loading=\"lazy\" decoding=\"async\" class=\"alignright wp-image-848 size-medium\" src=\"http:\/\/www.stopptgennahrungsmittel.de\/wp-content\/uploads\/2014\/12\/FlyerImker_Seite_1-214x300.jpg\" alt=\"\" width=\"214\" height=\"300\" srcset=\"https:\/\/www.stopptgennahrungsmittel.de\/wp-content\/uploads\/2014\/12\/FlyerImker_Seite_1-214x300.jpg 214w, https:\/\/www.stopptgennahrungsmittel.de\/wp-content\/uploads\/2014\/12\/FlyerImker_Seite_1-107x150.jpg 107w, https:\/\/www.stopptgennahrungsmittel.de\/wp-content\/uploads\/2014\/12\/FlyerImker_Seite_1.jpg 582w\" sizes=\"auto, (max-width: 214px) 100vw, 214px\" \/><\/a>27.9. Mexicaner in M\u00fcnchen &#8211; EineWeltHaus<\/h5>\n\n\n\n<p>Auf <strong>Mexicos<\/strong> Halbinsel Yucatan beabsichtigt der Gentechnik-Konzern Monsanto auf tausenden von Hektar Land den Anbau von Gensoja. Teilweise geschieht dieser Anbau bereits heute illegal. ln Mexiko werden j\u00e4hrlich zwischen 50.000 und 60.000 Tonnen Honig produziert. Etwa die H\u00e4lfte davon geht in den Export, unter den europ\u00e4ischen Abnehmern steht Deutschland an erster Stelle. ln den Bundesstaaten Quintana Roo, campeehe und Yucatan erzielen mindestens 25.000 Maya-Familien gro\u00dfe Teile ihres Einkommens durch die Herstellung hochwertigen Bienenhonigs. Eine Verunreinigung des Honigs durch Pollen aus Gensoja w\u00fcrde voraussichtlich den Export nach Europa v\u00f6llig zusammenbrechen lassen. Gleichzeitig steigt die Verwendung des jetzt schon Sch\u00e4den anrichtenden Pestizids Glyphosat mit dem Anbau von gentechnisch ver\u00e4nderten Pflanzungen exponentiell. Die G\u00e4ste werden \u00fcber den Kampf der Maya-Gemeinden gegen die Pl\u00e4ne Monsantos und der mexikanischen Regierung informieren und f\u00fcr Fragen zur Verf\u00fcgung stehen.<\/p>\n\n\n\n<p>Mit Ihrer <span style=\"text-decoration: underline;\"><a href=\"https:\/\/www.paypal.com\/de\/cgi-bin\/webscr?cmd=_flow&amp;SESSION=2qSVpb_CzfUbptqZwwiQ80H2KcqqhzYP7qScwisKQC2otxFIsHicH75dfiS&amp;dispatch=5885d80a13c0db1f8e263663d3faee8d795bb2096d7a7643a72ab88842aa1f54&amp;rapidsState=Donation__DonationFlow___StateDonationLogin&amp;rapidsStateSignature=c9f3fd5f463ed4f09b94b5f139829bcd8b2ae048\">Spende <\/a><\/span>unterst\u00fctzen Sie die mexikanischen Imker!<\/p>\n\n\n\n<hr class=\"wp-block-separator has-css-opacity\"\/>\n\n\n\n<h3 class=\"wp-block-heading\">Rechtsgutachten des Monsanto-Tribunals<\/h3>\n\n\n<div class=\"wp-block-image\">\n<figure class=\"alignright\"><a href=\"http:\/\/www.stopptgennahrungsmittel.de\/wp-content\/uploads\/2014\/12\/Kopie-von-IMG_9589.jpg\"><img loading=\"lazy\" decoding=\"async\" width=\"300\" height=\"200\" src=\"http:\/\/www.stopptgennahrungsmittel.de\/wp-content\/uploads\/2014\/12\/Kopie-von-IMG_9589-300x200.jpg\" alt=\"\" class=\"wp-image-816\" srcset=\"https:\/\/www.stopptgennahrungsmittel.de\/wp-content\/uploads\/2014\/12\/Kopie-von-IMG_9589-300x200.jpg 300w, https:\/\/www.stopptgennahrungsmittel.de\/wp-content\/uploads\/2014\/12\/Kopie-von-IMG_9589-768x512.jpg 768w, https:\/\/www.stopptgennahrungsmittel.de\/wp-content\/uploads\/2014\/12\/Kopie-von-IMG_9589.jpg 1024w, https:\/\/www.stopptgennahrungsmittel.de\/wp-content\/uploads\/2014\/12\/Kopie-von-IMG_9589-225x150.jpg 225w, https:\/\/www.stopptgennahrungsmittel.de\/wp-content\/uploads\/2014\/12\/Kopie-von-IMG_9589-150x100.jpg 150w\" sizes=\"auto, (max-width: 300px) 100vw, 300px\" \/><\/a><figcaption class=\"wp-element-caption\">das Richtergremium<\/figcaption><\/figure>\n<\/div>\n\n\n<p>Am 18.4.2017 hat das Richtergremium des Monsanto-Tribunals in Den Haag sein Rechtshutachten zu den Menschenrechtsverletzungen des Konzerns vorgestellt und ver\u00f6ffentlicht.<\/p>\n\n\n\n<p><a href=\"http:\/\/www.stopptgennahrungsmittel.de\/wp-content\/uploads\/2014\/12\/Zusammenfassung-Rechtsgutachten.pdf\">Zusammenfassung Rechtsgutachten (deutsch)<br><\/a><a href=\"http:\/\/www.stopptgennahrungsmittel.de\/wp-content\/uploads\/2014\/12\/Gutachten-englisch.pdf\">Gesamtgutachten (englisch)<\/a><\/p>\n\n\n\n<p>Wir danken allen direkt und indirekt Beteiligten f\u00fcr Idee, Organisation und Durchf\u00fchrung des Tribunals. Marie Monique Robin hat das ganze Tribunal mit einem Filmteam begleitet. Der Film wird in K\u00fcrze in den Kinos und als DVD zu sehen sein. Hier noch ein paar Fotos:<\/p>\n\n\n\n<figure class=\"wp-block-table\"><table><tbody><tr><td>\n<\/td><\/tr><\/tbody><\/table><\/figure>\n\n\n\n<figure class=\"wp-block-image alignnone\"><a href=\"http:\/\/www.stopptgennahrungsmittel.de\/wp-content\/uploads\/2014\/12\/Kopie-von-IMG_9610.jpg\"><img loading=\"lazy\" decoding=\"async\" width=\"150\" height=\"150\" src=\"http:\/\/www.stopptgennahrungsmittel.de\/wp-content\/uploads\/2014\/12\/Kopie-von-IMG_9610-150x150.jpg\" alt=\"\" class=\"wp-image-824\"\/><\/a><figcaption class=\"wp-element-caption\">Richterin Francoise Tulkens<\/figcaption><\/figure>\n\n\n\n<figure class=\"wp-block-image alignnone\"><a href=\"http:\/\/www.stopptgennahrungsmittel.de\/wp-content\/uploads\/2014\/12\/Kopie-von-IMG_9584.jpg\"><img loading=\"lazy\" decoding=\"async\" width=\"150\" height=\"150\" src=\"http:\/\/www.stopptgennahrungsmittel.de\/wp-content\/uploads\/2014\/12\/Kopie-von-IMG_9584-150x150.jpg\" alt=\"\" class=\"wp-image-823\"\/><\/a><figcaption class=\"wp-element-caption\">Experte Gille Eric Seralini<\/figcaption><\/figure>\n\n\n\n<figure class=\"wp-block-image alignnone\"><a href=\"http:\/\/www.stopptgennahrungsmittel.de\/wp-content\/uploads\/2014\/12\/Kopie-von-IMG_9621.jpg\"><img loading=\"lazy\" decoding=\"async\" width=\"150\" height=\"150\" src=\"http:\/\/www.stopptgennahrungsmittel.de\/wp-content\/uploads\/2014\/12\/Kopie-von-IMG_9621-150x150.jpg\" alt=\"\" class=\"wp-image-819\"\/><\/a><figcaption class=\"wp-element-caption\">Marie Monique Robin<\/figcaption><\/figure>\n\n\n\n<figure class=\"wp-block-image alignnone\"><a href=\"http:\/\/www.stopptgennahrungsmittel.de\/wp-content\/uploads\/2014\/12\/Kopie-von-IMG_9587.jpg\"><img loading=\"lazy\" decoding=\"async\" width=\"150\" height=\"150\" src=\"http:\/\/www.stopptgennahrungsmittel.de\/wp-content\/uploads\/2014\/12\/Kopie-von-IMG_9587-150x150.jpg\" alt=\"\" class=\"wp-image-822\"\/><\/a><figcaption class=\"wp-element-caption\">Auditorium und Presse<\/figcaption><\/figure>\n\n\n\n<figure class=\"wp-block-image alignnone\"><a href=\"http:\/\/www.stopptgennahrungsmittel.de\/wp-content\/uploads\/2014\/12\/Kopie-von-IMG_9604.jpg\"><img loading=\"lazy\" decoding=\"async\" width=\"150\" height=\"150\" src=\"http:\/\/www.stopptgennahrungsmittel.de\/wp-content\/uploads\/2014\/12\/Kopie-von-IMG_9604-150x150.jpg\" alt=\"\" class=\"wp-image-820\"\/><\/a><figcaption class=\"wp-element-caption\">Hannes Lammler<\/figcaption><\/figure>\n\n\n\n<figure class=\"wp-block-image alignnone\"><a href=\"http:\/\/www.stopptgennahrungsmittel.de\/wp-content\/uploads\/2014\/12\/Kopie-von-IMG_9600.jpg\"><img loading=\"lazy\" decoding=\"async\" width=\"150\" height=\"150\" src=\"http:\/\/www.stopptgennahrungsmittel.de\/wp-content\/uploads\/2014\/12\/Kopie-von-IMG_9600-150x150.jpg\" alt=\"\" class=\"wp-image-821\"\/><\/a><figcaption class=\"wp-element-caption\">Christiane L\u00fcst<\/figcaption><\/figure>\n\n\n\n<hr class=\"wp-block-separator has-css-opacity\"\/>\n\n\n\n<h3 class=\"wp-block-heading\">Aktion GEN-Klage unterst\u00fctzt das Monsanto Tribunal auf facebook<\/h3>\n\n\n\n<figure class=\"wp-block-embed\"><div class=\"wp-block-embed__wrapper\">\nhttps:\/\/www.facebook.com\/DKMonsantoTribunal\/?hc_ref=PAGES_TIMELINE&#038;fref=nf\n<\/div><\/figure>\n\n\n\n<p>bitte liken und teilen!<\/p>\n\n\n\n<hr class=\"wp-block-separator has-css-opacity\"\/>\n\n\n\n<h3 class=\"wp-block-heading\">Video-Botschaft an das Monsanto-Tribunal<\/h3>\n\n\n\n<p><iframe loading=\"lazy\" src=\"https:\/\/www.youtube.com\/embed\/B8yGIZuiSbw\" allowfullscreen=\"allowfullscreen\" width=\"560\" height=\"315\" frameborder=\"0\"><\/iframe><\/p>\n\n\n\n<hr class=\"wp-block-separator has-css-opacity\"\/>\n\n\n\n<h3 class=\"wp-block-heading\">Die Leute gucken schon<\/h3>\n\n\n\n<figure class=\"wp-block-image\"><a href=\"http:\/\/www.stopptgennahrungsmittel.de\/wp-content\/uploads\/2014\/12\/sakurai_monsanto_bayer_glyphosat.jpg\" rel=\"attachment wp-att-732\"><img loading=\"lazy\" decoding=\"async\" width=\"300\" height=\"217\" src=\"http:\/\/www.stopptgennahrungsmittel.de\/wp-content\/uploads\/2014\/12\/sakurai_monsanto_bayer_glyphosat-300x217.jpg\" alt=\"sakurai_monsanto_bayer_glyphosat\" class=\"wp-image-732\" srcset=\"https:\/\/www.stopptgennahrungsmittel.de\/wp-content\/uploads\/2014\/12\/sakurai_monsanto_bayer_glyphosat-300x217.jpg 300w, https:\/\/www.stopptgennahrungsmittel.de\/wp-content\/uploads\/2014\/12\/sakurai_monsanto_bayer_glyphosat-207x150.jpg 207w, https:\/\/www.stopptgennahrungsmittel.de\/wp-content\/uploads\/2014\/12\/sakurai_monsanto_bayer_glyphosat-150x108.jpg 150w, https:\/\/www.stopptgennahrungsmittel.de\/wp-content\/uploads\/2014\/12\/sakurai_monsanto_bayer_glyphosat.jpg 571w\" sizes=\"auto, (max-width: 300px) 100vw, 300px\" \/><\/a><\/figure>\n\n\n\n<p>Quelle: Cicero &#8211; Magazin f\u00fcr politische Kultur<\/p>\n\n\n\n<hr class=\"wp-block-separator has-css-opacity\"\/>\n\n\n\n<h3 class=\"wp-block-heading\">Monsanto Tribunal<\/h3>\n\n\n<div class=\"wp-block-image\">\n<figure class=\"alignright\"><a href=\"http:\/\/www.stopptgennahrungsmittel.de\/wp-content\/uploads\/2014\/12\/Banner-MT.png\" rel=\"attachment wp-att-724\"><img loading=\"lazy\" decoding=\"async\" width=\"235\" height=\"180\" src=\"http:\/\/www.stopptgennahrungsmittel.de\/wp-content\/uploads\/2014\/12\/Banner-MT.png\" alt=\"Banner-MT\" class=\"wp-image-724\" srcset=\"https:\/\/www.stopptgennahrungsmittel.de\/wp-content\/uploads\/2014\/12\/Banner-MT.png 235w, https:\/\/www.stopptgennahrungsmittel.de\/wp-content\/uploads\/2014\/12\/Banner-MT-196x150.png 196w, https:\/\/www.stopptgennahrungsmittel.de\/wp-content\/uploads\/2014\/12\/Banner-MT-150x115.png 150w\" sizes=\"auto, (max-width: 235px) 100vw, 235px\" \/><\/a><\/figure>\n<\/div>\n\n\n<p>Das&nbsp;<a href=\"http:\/\/www.monsanto-tribunal.org\/\">Monsanto Tribunal<\/a> ist einzigartig in mehrfacher Hinsicht. Es wird von angesehenen Richtern aus der ganzen Welt geleitet, die ein Rechtsgutachten liefern werden auf Fragen, die ihnen durch unser Rechtsberatungsteam gestellt werden. Basiert auf das Verfahren des Internationalen Gerichtshofs werden die Richter Pl\u00e4doyers anh\u00f6ren von praktizierenden Anw\u00e4lten, sowie Zeugenaussagen von Experten und Zeugenaussagen von Opfern, die betroffen sind von Monsantos Chemikalien, seinen Patenten auf Leben und seine industrielle landwirtschaftliche Praxis.<\/p>\n\n\n\n<p><strong>Das Ziel des Gerichtshofs ist es, bestehende rechtliche Instrumente hervorzuheben &#8211; und Rechtsl\u00fccken \u2013 um transnationale Unternehmen f\u00fcr ihre Verbrechen zur Rechenschaft ziehen zu k\u00f6nnen.<\/strong> Sollte das Gericht feststellen, dass Monsanto Menschenrechte oder humanit\u00e4res Recht verletzt hat, k\u00f6nnen Gemeinschaften auf der ganzen Welt die rechtlichen Gutachten des Tribunals verwenden in Gerichtsverfahren gegen Unternehmen wie Monsanto. Wichtig ist, dass das Tribunal auf die zunehmenden Debatten \u00fcber die Anerkennung von &#8222;Ecocide&#8220; (Verbrechen gegen die Natur) im internationalen Recht beitr\u00e4gt.<\/p>\n\n\n\n<p><a href=\"http:\/\/www.stopptgennahrungsmittel.de\/wp-content\/uploads\/2014\/12\/Hintergrundinfo-Monsanto-Tribunal-DE.pdf\" rel=\"\">Hintergrundinfo Monsanto Tribunal DE<\/a> als PDF-Datei<\/p>\n\n\n\n<hr class=\"wp-block-separator has-css-opacity\"\/>\n\n\n\n<h3 class=\"wp-block-heading\">Kein Freifahrtschein f\u00fcr neue Gentechnik-Verfahren<\/h3>\n\n\n\n<p>67.000 UnterzeichnerInnen fordern Bundeslandwirtschaftsminister Schmidt auf, \u201eGenome Editing\u201c als Gentechnik einzustufen.<\/p>\n\n\n\n<p><a href=\"http:\/\/www.stopptgennahrungsmittel.de\/wp-content\/uploads\/2014\/12\/160317-PM-CIBUS-Verbaende_Kloos.pdf\" rel=\"\">Pressemeldung als PDF-Datei<\/a><\/p>\n\n\n\n<figure class=\"wp-block-image\"><a href=\"http:\/\/www.stopptgennahrungsmittel.de\/wp-content\/uploads\/2014\/12\/160317-PM-CIBUS-Verbaende_Kloos.pdf\" rel=\"attachment wp-att-718\"><img loading=\"lazy\" decoding=\"async\" width=\"212\" height=\"300\" src=\"http:\/\/www.stopptgennahrungsmittel.de\/wp-content\/uploads\/2014\/12\/160317-PM-CIBUS-Verbaende_Kloos_Seite_1-212x300.jpg\" alt=\"160317-PM-CIBUS-Verbaende_Kloos_Seite_1\" class=\"wp-image-718\" srcset=\"https:\/\/www.stopptgennahrungsmittel.de\/wp-content\/uploads\/2014\/12\/160317-PM-CIBUS-Verbaende_Kloos_Seite_1-212x300.jpg 212w, https:\/\/www.stopptgennahrungsmittel.de\/wp-content\/uploads\/2014\/12\/160317-PM-CIBUS-Verbaende_Kloos_Seite_1-768x1086.jpg 768w, https:\/\/www.stopptgennahrungsmittel.de\/wp-content\/uploads\/2014\/12\/160317-PM-CIBUS-Verbaende_Kloos_Seite_1-724x1024.jpg 724w, https:\/\/www.stopptgennahrungsmittel.de\/wp-content\/uploads\/2014\/12\/160317-PM-CIBUS-Verbaende_Kloos_Seite_1-106x150.jpg 106w, https:\/\/www.stopptgennahrungsmittel.de\/wp-content\/uploads\/2014\/12\/160317-PM-CIBUS-Verbaende_Kloos_Seite_1.jpg 1654w\" sizes=\"auto, (max-width: 212px) 100vw, 212px\" \/><\/a><\/figure>\n\n\n\n<hr class=\"wp-block-separator has-css-opacity\"\/>\n\n\n\n<h3 class=\"wp-block-heading\">Konsumboykott<\/h3>\n\n\n\n<p>Was wir alle sofort gegen Agrogentechnik unternnehmen k\u00f6nnen&#8230;<\/p>\n\n\n\n<figure class=\"wp-block-image\"><img loading=\"lazy\" decoding=\"async\" width=\"212\" height=\"300\" src=\"http:\/\/www.stopptgennahrungsmittel.de\/wp-content\/uploads\/2014\/12\/Flyer-Aktion-Konsumboykott-Gandhi-Version-2_Seite_1-212x300.jpg\" alt=\"Flyer Aktion Konsumboykott Gandhi Version 2_Seite_1\" class=\"wp-image-713\" srcset=\"https:\/\/www.stopptgennahrungsmittel.de\/wp-content\/uploads\/2014\/12\/Flyer-Aktion-Konsumboykott-Gandhi-Version-2_Seite_1-212x300.jpg 212w, https:\/\/www.stopptgennahrungsmittel.de\/wp-content\/uploads\/2014\/12\/Flyer-Aktion-Konsumboykott-Gandhi-Version-2_Seite_1-106x150.jpg 106w, https:\/\/www.stopptgennahrungsmittel.de\/wp-content\/uploads\/2014\/12\/Flyer-Aktion-Konsumboykott-Gandhi-Version-2_Seite_1.jpg 317w\" sizes=\"auto, (max-width: 212px) 100vw, 212px\" \/><\/figure>\n\n\n\n<figure class=\"wp-block-image\"><a href=\"http:\/\/www.stopptgennahrungsmittel.de\/wp-content\/uploads\/2014\/12\/Flyer-Aktion-Konsumboykott-Gandhi-Version-2.pdf\" rel=\"attachment wp-att-712\"><img loading=\"lazy\" decoding=\"async\" width=\"212\" height=\"300\" src=\"http:\/\/www.stopptgennahrungsmittel.de\/wp-content\/uploads\/2014\/12\/Flyer-Aktion-Konsumboykott-Gandhi-Version-2_Seite_2-212x300.jpg\" alt=\"Flyer Aktion Konsumboykott Gandhi Version 2_Seite_2\" class=\"wp-image-712\" srcset=\"https:\/\/www.stopptgennahrungsmittel.de\/wp-content\/uploads\/2014\/12\/Flyer-Aktion-Konsumboykott-Gandhi-Version-2_Seite_2-212x300.jpg 212w, https:\/\/www.stopptgennahrungsmittel.de\/wp-content\/uploads\/2014\/12\/Flyer-Aktion-Konsumboykott-Gandhi-Version-2_Seite_2-106x150.jpg 106w, https:\/\/www.stopptgennahrungsmittel.de\/wp-content\/uploads\/2014\/12\/Flyer-Aktion-Konsumboykott-Gandhi-Version-2_Seite_2.jpg 317w\" sizes=\"auto, (max-width: 212px) 100vw, 212px\" \/><\/a><\/figure>\n\n\n\n<p><a href=\"http:\/\/www.stopptgennahrungsmittel.de\/wp-content\/uploads\/2014\/12\/Flyer-Aktion-Konsumboykott-Gandhi-Version-2.pdf\" rel=\"attachment wp-att-713\"> <\/a><\/p>\n\n\n\n<hr class=\"wp-block-separator has-css-opacity\"\/>\n\n\n\n<h3 class=\"wp-block-heading\">Pressemitteilung<\/h3>\n\n\n\n<p>Genf \/ Gauting 25.02.2015&nbsp;&nbsp;&nbsp;&nbsp;&nbsp;&nbsp;&nbsp;&nbsp;&nbsp;&nbsp; <strong>Menschenrechtsverletzungen durch Gensojaimporte erneut beim UN-Menschenrechtsausschuss &#8211;<\/strong> <strong>Paraguay: Hunger, Vertreibungen, Landflucht und drastische Bewohnersteigerung in den Slums als Folge der Gensojaimporte in Deutschland. L\u00fcst fordert deutsche und \u00f6sterreichische Regierung zum umgehenden Handeln auf.<\/strong><\/p>\n\n\n<div class=\"wp-block-image\">\n<figure class=\"alignright\"><a href=\"https:\/\/www.stopptgennahrungsmittel.de\/wp-content\/uploads\/2014\/12\/Kopie-von-IMG_39681-e1619084393837.jpg\"><img loading=\"lazy\" decoding=\"async\" width=\"200\" height=\"300\" src=\"https:\/\/www.stopptgennahrungsmittel.de\/wp-content\/uploads\/2014\/12\/Kopie-von-IMG_39681-e1619084393837-200x300.jpg\" alt=\"\" class=\"wp-image-660\" srcset=\"https:\/\/www.stopptgennahrungsmittel.de\/wp-content\/uploads\/2014\/12\/Kopie-von-IMG_39681-e1619084393837-200x300.jpg 200w, https:\/\/www.stopptgennahrungsmittel.de\/wp-content\/uploads\/2014\/12\/Kopie-von-IMG_39681-e1619084393837-100x150.jpg 100w, https:\/\/www.stopptgennahrungsmittel.de\/wp-content\/uploads\/2014\/12\/Kopie-von-IMG_39681-e1619084393837.jpg 683w\" sizes=\"auto, (max-width: 200px) 100vw, 200px\" \/><\/a><\/figure>\n<\/div>\n\n\n<p>Christiane L\u00fcst von der Aktion GEN-Klage hat ihren 9. Bericht zu Menschenrechtsverletzungen durch Nutzung der Agro-Gentechnik vor dem Ausschuss f\u00fcr wirtschaftliche, soziale und kulturelle Menschenrechte der Vereinten Nationen in Genf eingereicht. Diesmal zu Paraguay &#8211; eines der L\u00e4nder, von denen wir unsere Gensojaimporte zur Tierf\u00fctterung beziehen. Besonders brisant: Der UN-Ausschuss hat 2011 die deutsche und 2013 die \u00f6sterreichische Regierung aufgrund L\u00fcsts Berichterstattung aufgefordert umgehend dagegen t\u00e4tig zu werden:<\/p>\n\n\n\n<ul class=\"wp-block-list\">\n<li>Die Bundesrepublik hat bei seiner Agrar-, Handels- und Entwicklungshilfepolitik sowie in seiner Unterst\u00fctzung und bei Investitionen von deutschen<br>Konzernen in Entwicklungshilfel\u00e4ndern die Menschenrechte nicht ausreichend zu ber\u00fccksichtigt und ist daher aufgefordert folgende Ma\u00dfnahmen umgehend umzusetzen: Die Einf\u00fchrung der Gentechnik in Tierf\u00fctterung, Lebensmittelproduktion und Landwirtschaft zu verbieten.<\/li>\n\n\n\n<li>Der Menschenrechtsausschuss der Vereinten Nationen hat \u00d6sterreich aufgefordert bei seiner Entwicklungshilfe, Landwirtschafts- und Handelspolitik auf die Einhaltung der Menschenrechte &#8211; auch in den L\u00e4ndern des S\u00fcdens &#8211; zu achten. Das beinhaltet auch das Verbot von Gensoja- und Genmaisimporten aus S\u00fcdamerika \u2013 was unter drastischen Menschenrechtsverletzungen produziert wird.<\/li>\n\n\n\n<li>Der Ausschuss ist betroffen \u00fcber die fehlende Einsicht (\u00f6sterreichischer) Konzerne \u00fcber die Folgen ihrer Aktivit\u00e4ten auf die Menschenrechte vor Ort.<br>Drum fordert der Ausschuss die (\u00f6sterreichische) Regierung auf, die vollst\u00e4ndige Respektierung der (auch von \u00d6sterreich) ratifizierten wirtschaftlichen, sozialen und kulturellen Menschenrechte auch gegen\u00fcber Konzernaktivit\u00e4ten sicherzustellen!<\/li>\n<\/ul>\n\n\n\n<p>L\u00fcst ist am 23.2.2015 um 10 Uhr gemeinsam mit Dolmetscherin Nora Taleb vom Netzwerk \u201eAktion GEN-Klage\u201c zur pers\u00f6nlichen Anh\u00f6rung vor dem Ausschuss in Genf gewesen (s. Links oben). Die vollst\u00e4ndige Presssemitteilung und L\u00fcsts Rede vor dem UN-Ausschuss finden Sie im Anhang.<\/p>\n\n\n\n<hr class=\"wp-block-separator has-css-opacity\"\/>\n\n\n\n<h3 class=\"wp-block-heading\">Paraguay vor dem UN Menschenrechtsausschuss<\/h3>\n\n\n<div class=\"wp-block-image\">\n<figure class=\"alignright\"><a href=\"http:\/\/www.stopptgennahrungsmittel.de\/wp-content\/uploads\/2015\/02\/Kopie-von-IMG_3951.jpg\"><img loading=\"lazy\" decoding=\"async\" width=\"1024\" height=\"768\" src=\"http:\/\/www.stopptgennahrungsmittel.de\/wp-content\/uploads\/2015\/02\/Kopie-von-IMG_3951.jpg\" alt=\"Kopie von IMG_3951\" class=\"wp-image-623\" srcset=\"https:\/\/www.stopptgennahrungsmittel.de\/wp-content\/uploads\/2015\/02\/Kopie-von-IMG_3951.jpg 1024w, https:\/\/www.stopptgennahrungsmittel.de\/wp-content\/uploads\/2015\/02\/Kopie-von-IMG_3951-300x225.jpg 300w, https:\/\/www.stopptgennahrungsmittel.de\/wp-content\/uploads\/2015\/02\/Kopie-von-IMG_3951-200x150.jpg 200w, https:\/\/www.stopptgennahrungsmittel.de\/wp-content\/uploads\/2015\/02\/Kopie-von-IMG_3951-150x113.jpg 150w\" sizes=\"auto, (max-width: 1024px) 100vw, 1024px\" \/><\/a><figcaption class=\"wp-element-caption\">v.l. Christiane L\u00fcst, Nora Taleb (Aktion GEN-Klage)<\/figcaption><\/figure>\n<\/div>\n\n\n<p>Christiane L\u00fcst hat am 23.2.2015 dem UN-Ausschuss f\u00fcr Menschenrechte in Genf ihren Parallelbericht zur Situation der Menschenrechte in Paraguay, verursacht durch den Anbau von gentechnisch ver\u00e4ndertem Soja vorgetragen. L\u00fcst wies darauf hin, dass durch den gro\u00dffl\u00e4chigen Einsatz von GVO und Herbiziden die l\u00e4ndliche Bev\u00f6lkerung vertrieben, ermordet, gesundheitlich gesch\u00e4digt, ihrer Existenz beraubt und in Hunger und Armut getrieben wird. Die Reaktion des Ausschusses wird&nbsp; am 6.3. in Form einer Conclusion ver\u00f6ffentlicht.<\/p>\n\n\n\n<p>Parguay wurde schon zum zweiten mal wegen Menschenrechtsverletzungen angeklagt, weil sich die Verh\u00e4ltnisse seit dem ersten Mal noch einmal dramatisch verschlechtert haben.<\/p>\n\n\n\n<p>Der Report (engl.) als PDF: <a href=\"http:\/\/www.stopptgennahrungsmittel.de\/wp-content\/uploads\/2014\/12\/Report-on-paraguay-25.02.15.pdf\">Report on paraguay 25.02.15<\/a><\/p>\n\n\n\n<p>Die Diskussion (engl.) im Ausschuss als PDF: <a href=\"http:\/\/www.stopptgennahrungsmittel.de\/wp-content\/uploads\/2014\/12\/Committee-on-Economic...-54.-session.pdf\">Committee on Economic&#8230; 54. session<\/a><\/p>\n\n\n\n<hr class=\"wp-block-separator has-css-opacity\"\/>\n\n\n\n<h3 class=\"wp-block-heading\">Eine Frage des \u00dcberlebens<\/h3>\n\n\n\n<p>(mit Texten von Andrea Dornisch, Zivilcourage Roth-Schwabach)<\/p>\n\n\n\n<h4 class=\"wp-block-heading\">Die Agro-Gentechnik ist aus geostrategischen Gr\u00fcnden gleich bedeutend wie \u00d6l oder seltene Erden.<\/h4>\n\n\n\n<p>Henry Kissinger erkannte das schon vor vielen Jahren: <strong>\u201cKontrolliere das \u00d6l und du beherrschst die Nation, kontrolliere die Nahrung und du beherrschst die Menschheit.&#8220;<\/strong><\/p>\n\n\n\n<p>Wer die Macht \u00fcber das Saatgut hat, braucht keine Waffen mehr! Zur Vorbereitung hilft das Milit\u00e4t aber gerne nach. (Irak)<\/p>\n\n\n\n<p>Etwa 6 Global Player besitzen heute schon \u00fcber 90 % des gentechnisch ver\u00e4nderten Saatguts: Monsanto, Bayer Crop Science, BASF, Dow Chemical, Du Pont und Syngenta.<\/p>\n\n\n\n<h4 class=\"wp-block-heading\">Vier Ziele verfolgen europ\u00e4ische und amerikanische Gro\u00dfkonzerne wie Monsanto, Bayer usw. sowie die US-Regierung und die EU-Kommission:<\/h4>\n\n\n\n<ul class=\"wp-block-list\">\n<li>Sie wollen die Welt mit gentechnisch ver\u00e4nderten Organismen (GVO) kontaminieren.<\/li>\n\n\n\n<li>Sie wollen Saatgut und Spritzmittel im Doppelpack verkaufen \u2013 und machen schon heute unvorstellbar hohe Profite.&nbsp; Gerade durch zunehmende Resistenzbildung.<\/li>\n\n\n\n<li>Sie kassieren Milliarden durch ihre Patente auf Pflanzen und Tiere.<\/li>\n\n\n\n<li>Sie wollen die globale Marktf\u00fchrerschaft f\u00fcr Saatgut und somit die Abh\u00e4ngigkeit von ihren Produkten.<\/li>\n<\/ul>\n\n\n\n<p>Die Gentechnik hat in den USA und S\u00fcdamerika bereits versagt. Tausende Hektar Land mussten bereits f\u00fcr die Landwirtschaft aufgegeben werden, weil sie unfruchtbar wurden, Superunkr\u00e4uter und Supersch\u00e4dlinge resistent wurden und nicht mehr in den Griff zu bekommen waren. Sattdessen werden Urw\u00e4lder gerodet und f\u00fcr Monokulturen umgebaut. Inzwischen wird 2,4,D gespritzt, eine Komponente von Agent Orange aus dem Vietnam-Krieg.<\/p>\n\n\n\n<p>Die Amerikaner k\u00f6nnen ihre gentechnisch erzeugten Produkte kaum noch verkaufen. China und Russland machen teilweise die M\u00e4rkte dicht, europ\u00e4ische Verbraucher lehnen Genfood ab, in den USA k\u00e4mpfen die Menschen vergeblich um eine GVO-Kennzeichnung. Die Konzerne fahren Millionen-Werbe-Kampagnen, um die Kennzeichnung von Gentechnik in Lebensmitteln zu verhindern oder nehmen massiven Einfluss auf den Kongress.<\/p>\n\n\n\n<p><strong>Deswegen braucht die Agroindustrie TTIP oder CETA! Wir brauchen keine Freihandelsvertr\u00e4ge!<br><\/strong><\/p>\n\n\n\n<h3 class=\"wp-block-heading\">KEINE GENTECHNIK IN EUROPA!!!<\/h3>\n","protected":false},"excerpt":{"rendered":"<p>Die Parallelberichte zu den einzelnen L\u00e4ndern sind auf dieser Website in deutsch, englisch und spanisch verf\u00fcgbar. (Menu UN-Arbeit) The parallel reports on the individual countries are available on this website in German, English and Spanish. (Menu UN-Arbeit)Los informes paralelos sobre cada pa\u00eds est\u00e1n disponibles en este sitio web en alem\u00e1n,\u2026<\/p>\n<p> <a class=\"continue-reading-link\" href=\"https:\/\/www.stopptgennahrungsmittel.de\/?page_id=2\"><span>weiter lesen &#8230;<\/span><i class=\"crycon-right-dir\"><\/i><\/a> <\/p>\n","protected":false},"author":1,"featured_media":1137,"parent":0,"menu_order":0,"comment_status":"closed","ping_status":"closed","template":"","meta":{"jetpack_post_was_ever_published":false,"footnotes":""},"class_list":["post-2","page","type-page","status-publish","has-post-thumbnail","hentry"],"jetpack_sharing_enabled":true,"jetpack_shortlink":"https:\/\/wp.me\/P7YsNH-2","_links":{"self":[{"href":"https:\/\/www.stopptgennahrungsmittel.de\/index.php?rest_route=\/wp\/v2\/pages\/2","targetHints":{"allow":["GET"]}}],"collection":[{"href":"https:\/\/www.stopptgennahrungsmittel.de\/index.php?rest_route=\/wp\/v2\/pages"}],"about":[{"href":"https:\/\/www.stopptgennahrungsmittel.de\/index.php?rest_route=\/wp\/v2\/types\/page"}],"author":[{"embeddable":true,"href":"https:\/\/www.stopptgennahrungsmittel.de\/index.php?rest_route=\/wp\/v2\/users\/1"}],"replies":[{"embeddable":true,"href":"https:\/\/www.stopptgennahrungsmittel.de\/index.php?rest_route=%2Fwp%2Fv2%2Fcomments&post=2"}],"version-history":[{"count":110,"href":"https:\/\/www.stopptgennahrungsmittel.de\/index.php?rest_route=\/wp\/v2\/pages\/2\/revisions"}],"predecessor-version":[{"id":1304,"href":"https:\/\/www.stopptgennahrungsmittel.de\/index.php?rest_route=\/wp\/v2\/pages\/2\/revisions\/1304"}],"wp:featuredmedia":[{"embeddable":true,"href":"https:\/\/www.stopptgennahrungsmittel.de\/index.php?rest_route=\/wp\/v2\/media\/1137"}],"wp:attachment":[{"href":"https:\/\/www.stopptgennahrungsmittel.de\/index.php?rest_route=%2Fwp%2Fv2%2Fmedia&parent=2"}],"curies":[{"name":"wp","href":"https:\/\/api.w.org\/{rel}","templated":true}]}}