{"id":131,"date":"2014-12-16T13:47:25","date_gmt":"2014-12-16T13:47:25","guid":{"rendered":"http:\/\/www.stopptgennahrungsmittel.de\/?page_id=131"},"modified":"2023-10-02T12:26:00","modified_gmt":"2023-10-02T12:26:00","slug":"brasilien","status":"publish","type":"page","link":"https:\/\/www.stopptgennahrungsmittel.de\/?page_id=131","title":{"rendered":"Brasilien"},"content":{"rendered":"<div class=\"wp-block-image\">\n<figure class=\"alignright\"><a href=\"http:\/\/www.stopptgennahrungsmittel.de\/wp-content\/uploads\/2014\/12\/brazil.gif\"><img loading=\"lazy\" decoding=\"async\" width=\"150\" height=\"113\" src=\"http:\/\/www.stopptgennahrungsmittel.de\/wp-content\/uploads\/2014\/12\/brazil-150x113.gif\" alt=\"brazil\" class=\"wp-image-364\"\/><\/a><\/figure>\n<\/div>\n\n\n<hr class=\"wp-block-separator has-css-opacity is-style-wide\"\/>\n\n\n\n<h3 class=\"wp-block-heading\">Parallelreport Brasilien 2023<\/h3>\n\n\n\n<p>28.9.2023    Zusammen <em>Dr. Antonio Andrioli<\/em> (r.), der <em>Via Campesina Brasilien<\/em> vertrat, hat <strong>Christiane L\u00fcst von der <em>Aktion GEN-Klage<\/em><\/strong> erneut einen Parallelbericht zum Staatenbericht von Brasilien \u00fcber die Umsetzung des Internationalen Paktes \u00fcber wirtschaftliche, soziale und kulturelle Rechte beim UN-Menschenrechtsausschuss in Genf vorgelegt. Gleichzeitig hat das Umweltinstitut mit Ludwig Essig ebenfalls einen Bericht vorgelegt, in dem gefordert wird, dass das geplante <em>EU-Mercosur-Abkommen<\/em> wegen weiterer Menschenrechverletzungen verhindert werden muss.<\/p>\n\n\n\n<figure class=\"wp-block-image size-large\"><a href=\"https:\/\/www.stopptgennahrungsmittel.de\/wp-content\/uploads\/2023\/10\/Genf2.jpeg\"><img loading=\"lazy\" decoding=\"async\" width=\"1024\" height=\"766\" src=\"https:\/\/www.stopptgennahrungsmittel.de\/wp-content\/uploads\/2023\/10\/Genf2-1024x766.jpeg\" alt=\"\" class=\"wp-image-1276\" srcset=\"https:\/\/www.stopptgennahrungsmittel.de\/wp-content\/uploads\/2023\/10\/Genf2-1024x766.jpeg 1024w, https:\/\/www.stopptgennahrungsmittel.de\/wp-content\/uploads\/2023\/10\/Genf2-300x224.jpeg 300w, https:\/\/www.stopptgennahrungsmittel.de\/wp-content\/uploads\/2023\/10\/Genf2-768x575.jpeg 768w, https:\/\/www.stopptgennahrungsmittel.de\/wp-content\/uploads\/2023\/10\/Genf2-1536x1149.jpeg 1536w, https:\/\/www.stopptgennahrungsmittel.de\/wp-content\/uploads\/2023\/10\/Genf2-150x112.jpeg 150w, https:\/\/www.stopptgennahrungsmittel.de\/wp-content\/uploads\/2023\/10\/Genf2.jpeg 1600w\" sizes=\"auto, (max-width: 1024px) 100vw, 1024px\" \/><\/a><\/figure>\n\n\n\n<div style=\"height:13px\" aria-hidden=\"true\" class=\"wp-block-spacer\"><\/div>\n\n\n\n<figure class=\"wp-block-embed is-type-video is-provider-youtube wp-block-embed-youtube wp-embed-aspect-16-9 wp-has-aspect-ratio\"><div class=\"wp-block-embed__wrapper\">\n<span class=\"embed-youtube\" style=\"text-align:center; display: block;\"><iframe loading=\"lazy\" class=\"youtube-player\" width=\"740\" height=\"417\" src=\"https:\/\/www.youtube.com\/embed\/aExDuxYM37w?version=3&#038;rel=1&#038;showsearch=0&#038;showinfo=1&#038;iv_load_policy=1&#038;fs=1&#038;hl=de-DE&#038;autohide=2&#038;wmode=transparent\" allowfullscreen=\"true\" style=\"border:0;\" sandbox=\"allow-scripts allow-same-origin allow-popups allow-presentation allow-popups-to-escape-sandbox\"><\/iframe><\/span>\n<\/div><\/figure>\n\n\n\n<h3 class=\"wp-block-heading\">Parallelberichte &#8211; Pressemitteilungen &#8211; Ausschussrede<\/h3>\n\n\n\n<div class=\"wp-block-columns is-layout-flex wp-container-core-columns-is-layout-9d6595d7 wp-block-columns-is-layout-flex\">\n<div class=\"wp-block-column is-layout-flow wp-block-column-is-layout-flow\">\n<p><a href=\"https:\/\/oeko-und-fair.de\/wp-content\/uploads\/2023\/09\/parallelreport-Brasilien.-2023.pdf\">Parallelreport zu Brasilien 2023<\/a><\/p>\n<\/div>\n\n\n\n<div class=\"wp-block-column is-layout-flow wp-block-column-is-layout-flow\">\n<p><a href=\"https:\/\/oeko-und-fair.de\/wp-content\/uploads\/2023\/09\/Parallelreport-Brasilien-Rede-dt.2023.pdf\">Rede vor UN-ausschuss<\/a><\/p>\n<\/div>\n\n\n\n<div class=\"wp-block-column is-layout-flow wp-block-column-is-layout-flow\">\n<p><a href=\"https:\/\/oeko-und-fair.de\/wp-content\/uploads\/2023\/09\/PARALLELBERICHT_de.pdf\">Parallelbericht Umweltinstut<\/a><\/p>\n<\/div>\n<\/div>\n\n\n\n<div class=\"wp-block-columns is-layout-flex wp-container-core-columns-is-layout-9d6595d7 wp-block-columns-is-layout-flex\">\n<div class=\"wp-block-column is-layout-flow wp-block-column-is-layout-flow\">\n<p><a href=\"https:\/\/www.stopptgennahrungsmittel.de\/wp-content\/uploads\/2023\/10\/Relatorio-Genebra-2023_FINAL_REVISADO.pdf\" target=\"_blank\" rel=\"noreferrer noopener\">Relat\u00f3rio Genebra 2023_FINAL_REVISADO<\/a><\/p>\n<\/div>\n\n\n\n<div class=\"wp-block-column is-layout-flow wp-block-column-is-layout-flow\">\n<p><a href=\"https:\/\/www.stopptgennahrungsmittel.de\/wp-content\/uploads\/2023\/10\/PARALLELBERICHT-1_ENa.pdf\" target=\"_blank\" rel=\"noreferrer noopener\">PARALLELBERICHT-1_ENa<\/a><\/p>\n<\/div>\n\n\n\n<div class=\"wp-block-column is-layout-flow wp-block-column-is-layout-flow\">\n<p>S<a href=\"https:\/\/www.stopptgennahrungsmittel.de\/wp-content\/uploads\/2023\/10\/STATE_NGO_Speaking-notes.pdf\" target=\"_blank\" rel=\"noreferrer noopener\">TATE_NGO_Speaking notes<\/a><\/p>\n<\/div>\n<\/div>\n\n\n\n<p>Die in diesem Bericht vorgelegten Informationen konzentrieren sich auf die seit unserer letzten Berichterstattung im M\u00e4rz 2009 weiterhin massiv gestiegenen Folgen einer sehr bedenklichen globalen Entwicklung, die Verwendung von genetisch ver\u00e4nderten Organismen (GMOs) in der Landwirtschaft und ihren Folgen. Diese wurde in Brasilien trotz unserer Berichterstattung und der darauf erfolgten concluding observations weiter ausgebaut. <\/p>\n\n\n\n<p>Die Folgen haben sich trotz der concluding observations \u2013 die nie umgesetzt wurden &#8211; weiter versch\u00e4rft \u2013 was dazu gef\u00fchrt hat, das u. a. die Hungerrate aktuell um 14 Millionen in einem Jahr auf 33,1 Mio gestiegen ist, Landlosigkeit und Gesundheitssch\u00e4den verst\u00e4rkt drastisch zunehmen und die nat\u00fcrlichen Ressourcen \u2013 Wasserquellen und Fl\u00fcsse \u2013 ebenso zunehmend verseucht und nicht mehr verwendbar sind. Die vor allem f\u00fcr neue Sojaanbaufl\u00e4chen notwendigen Abholzungen des Urwaldes sind mittlerweile an der Klima-Kipp-Punkt-Grenze angekommen, deren \u00dcberschreitung durch weitere Abholzungen f\u00fcr den Export das System Lunge des Planeten unwiderruflich zerst\u00f6rt. Und damit die Lebensgrundlagen aller.<\/p>\n\n\n\n<hr class=\"wp-block-separator has-alpha-channel-opacity is-style-wide\"\/>\n\n\n\n<h3 class=\"wp-block-heading\">Prof. Antonio Andrioli im EU-Parlament: Interview mit&nbsp;Maria Noichl MdEP<\/h3>\n\n\n\n<p>W\u00e4hrend in Brasilien Kleinbauern von ihrem Land vertrieben und Gewerkschafter und B\u00fcrgerrechtler ermordet werden, die Korruption der Gro\u00dfgrundbesitzer bl\u00fcht, die Rodung gro\u00dfer Waldfl\u00e4chen ungebremst weitergeht, k\u00e4mpft Prof. Andrioli in Europa an der politischen Front. Besuche bei der Gr\u00fcnen Woche in Berlin mit zahlreichen Gespr\u00e4chen in Ministerien und im EU-Parlament sollen europ\u00e4ische Gegenma\u00dfnahmen bewirken, um den Menschenrechtsverletzungen in Brasilien ein Ende zu bereiten: Stopp des Imports durch Boykott brasilianischer Gensoja!<\/p>\n\n\n\n<p><iframe loading=\"lazy\" src=\"\/\/www.youtube.com\/embed\/d4hthEuMhAk\" allowfullscreen=\"allowfullscreen\" width=\"560\" height=\"314\"><\/iframe><\/p>\n\n\n\n<hr class=\"wp-block-separator has-css-opacity is-style-wide\"\/>\n\n\n\n<h3 class=\"wp-block-heading\">Zukunftsmodell Landwirtschaft Teil 1<\/h3>\n\n\n\n<p>&#8222;Zukunftsmodell Landwirtschaft im korrupten Brasilien? Betrifft: Unsere Ern\u00e4hrung!\u201c Der Vortrag bietet einen Einblick in die politische Situation nach dem Putsch und die Lage der Landwirtschaft Brasiliens, v.a. der Kleinbauern, unter dem Einfluss internationaler Saatgut- und D\u00fcngemittelkonzerne wie Bayer\/Monsanto. Damit geht es auch um unser Essen:&nbsp; Pestizidr\u00fcckst\u00e4nde z.B. im Fleisch von Soja- gef\u00fctterten Rindern. Und es geht um Solidarit\u00e4t mit den betroffenen Menschen in Brasilien.<\/p>\n\n\n\n<h3 class=\"wp-block-heading\"><iframe loading=\"lazy\" src=\"https:\/\/www.youtube.com\/embed\/QsGzdgdIR2M\" allowfullscreen=\"allowfullscreen\" width=\"854\" height=\"480\" frameborder=\"0\"><\/iframe><\/h3>\n\n\n\n<h3 class=\"wp-block-heading\">Zukunftsmodell Landwirtschaft Teil 2<\/h3>\n\n\n\n<h3 class=\"wp-block-heading\"><iframe loading=\"lazy\" src=\"https:\/\/www.youtube.com\/embed\/3CTr3AiMGTA\" allowfullscreen=\"allowfullscreen\" width=\"854\" height=\"480\" frameborder=\"0\"><\/iframe><\/h3>\n\n\n\n<h3 class=\"wp-block-heading\">Zukunftsmodell Landwirtschaft Teil 3<\/h3>\n\n\n\n<p><iframe loading=\"lazy\" src=\"https:\/\/www.youtube.com\/embed\/Nzy0VMYeleQ\" allowfullscreen=\"allowfullscreen\" width=\"854\" height=\"480\" frameborder=\"0\"><\/iframe><\/p>\n\n\n\n<hr class=\"wp-block-separator has-css-opacity is-style-wide\"\/>\n\n\n\n<h3 class=\"wp-block-heading detail_headline\">Brasilien ist &#8222;Weltmeister beim Herbizideinsatz&#8220;<\/h3>\n\n\n\n<p>In Brasilien wird wieder mehr Wald gerodet, weil noch mehr Weide- und Ackerland ben\u00f6tigt werden. Gerade im Sojaanbau kommen gro\u00dfe Mengen an Unkrautvernichtungsmitteln zum Einsatz. Im Bayerischen Rundfunk \u00fcbt der brasilienische Agrarexperte <strong>Ant\u00f4nio <span class=\"searchHighlight\">Andrioli<\/span><\/strong> deswegen massive Kritik. Link zum B2-Interview-Podcast:<a href=\"http:\/\/br.de\/s\/38Adfl2\">http:\/\/br.de\/s\/38Adfl2<\/a><\/p>\n\n\n\n<figure class=\"wp-block-audio\"><audio controls src=\"http:\/\/www.stopptgennahrungsmittel.de\/wp-content\/uploads\/2017\/11\/AUD-20171121-WA0000.mp3\"><\/audio><\/figure>\n\n\n<div class=\"wp-block-image\">\n<figure class=\"alignleft\"><a href=\"http:\/\/www.stopptgennahrungsmittel.de\/wp-content\/uploads\/2017\/11\/Kopie-von-IMG_0668.jpg\"><img loading=\"lazy\" decoding=\"async\" width=\"150\" height=\"150\" src=\"http:\/\/www.stopptgennahrungsmittel.de\/wp-content\/uploads\/2017\/11\/Kopie-von-IMG_0668-150x150.jpg\" alt=\"\" class=\"wp-image-957\"\/><\/a><\/figure>\n<\/div>\n\n\n<p>Prof. <strong>Ant\u00f4nio Andrioli<\/strong> ist brasilianischer Sozialwissenschaftler, Agrarexperte und Buchautor. 2006 promovierte er an der Universit\u00e4t Osnabr\u00fcck zum Thema Landwirtschaft und dem Anbau von Gensoja in Brasilien. Als Buch ist von ihm &#8222;Agro-Gentechnik: Die Saat des B\u00f6sen. Die schleichende Vergiftung von B\u00f6den und Nahrung&#8220; erschienen.<\/p>\n\n\n\n<hr class=\"wp-block-separator has-css-opacity is-style-wide\"\/>\n\n\n\n<p>Pressemitteilung&nbsp; 4.06.09:<\/p>\n\n\n\n<h3 class=\"wp-block-heading\"><strong>UN-Menschenrechtausschuss fordert Stop von Menschenrechtsverletzungen in Brasilien:<\/strong><\/h3>\n\n\n\n<h4 class=\"wp-block-heading\"><strong>Anbau von Gen-Soja in Brasilien f\u00fchrt zu<br>zerst\u00f6rten Ernten, Landlosigkeit,&nbsp; Gesundheitssch\u00e4den und&nbsp; Zunahme von Armut und Unterern\u00e4hrung<\/strong><\/h4>\n\n\n\n<p>Via Campesina Brazil und die Gr\u00fcnderin der internationalen Aktion GEN-Klage<br>aus Gauting bei M\u00fcnchen, Christiane L\u00fcst, haben&nbsp; beim UN-Menschenrechtsausschuss in Genf \u00fcber Menschenrechtsverletzungen als Folge der Agrogentechnik in Brasilien berichtet.<\/p>\n\n\n\n<p>Der UN-Menschenrechtsausschuss hat nun &#8211; nach 3 -w\u00f6chiger Sitzung die concluding observations &#8211; die Aufforderungen an die brasilianische &nbsp;Regierung Menschenrechtsverletzungen sofort zu beenden &#8211; ins Internet gestellt.<\/p>\n\n\n\n<p>Vom Ausschuss besonders&nbsp; kritisiert wurde&nbsp; die Zunahme der Entwaldung ganzer Gebiete mit den entstehenden Folgen f\u00fcr Indigene und Kleinbauern und die daraus resultierenden Verletzungen des Rechts auf Eigentum und Selbstbestimmung, die auch in der brasilianischen Verfassung gew\u00e4hrleistet sind. Die brasilianische Regierung wurde aufgefordert umgehend &nbsp;notwendige Gegenma\u00dfnahmen zu ergreifen, um dies zu stoppen.<\/p>\n\n\n\n<p>&#8222;Entwaldung f\u00fchrt zur Zerst\u00f6rung der Lebensgrundlagen von indigenen V\u00f6lkern und Kleinbauern, zu Landkonzentration, Sklavenarbeit, Landflucht und Zunahme der Armut auf dem Land und zeigen die andere Seite der Sojamonokultur.&nbsp; Die Fl\u00e4chen f\u00fcr den Eigenanbau werden reduziert. Urwald wird in gro\u00dfen Mengen abgeholzt, um neue Anbaufl\u00e4chen zu gewinnen. Urwaldbewohner und Kleinbauern werden von Guerillas der Gro\u00dfgrundbesitzer oft mit Gewalt von ihrem Grund vertrieben oder ermordet, um weitere Anbaufl\u00e4chen f\u00fcr sich zu gewinnen.&#8220; so Antonio Andrioli von Via Campesina in dem vorgelegten Bericht.<\/p>\n\n\n\n<p>Eine erste Ma\u00dfnahme weitere Menschenrechtesverletzungen &nbsp;zu verhindern ist daher ein sofortiges Stopp der Agrogentechnik in Brasilien als eine Hauptursache f\u00fcr Entwaldung und &nbsp;Verletzungen des Rechts auf Eigentum und Selbstbestimmung.<\/p>\n\n\n\n<p>\u201eSchon letztes Jahr hat der&nbsp; UN-Ausschuss den Einsatz der Gentechnik in der Landwirtschaft &nbsp;als Menschenrechtsverletzung ger\u00fcgt und das erste Mal gefordert die Bauern vor multinationalen Konzernen zu sch\u00fctzen und den Zugang zum alten wiederverwendbaren Saatgut sicherzustellen!<\/p>\n\n\n\n<p>Nun wurde wiederum eine Regierung aufgefordert Rechte und Eigentum von Kleinbauern vor dem Zugriff von Konzernen zu sch\u00fctzen&#8220; &nbsp;berichtet Christiane L\u00fcst in ihrer Pressemitteilung. \u201eDen internationalen Pakt f\u00fcr Menschenrechte haben \u00fcber 140 L\u00e4nder ratifiziert \u2013 auch Deutschland und Brasilien.&nbsp; Damit haben sich die L\u00e4nder auch verpflichtet den UN-Aufforderungen Folge zu leisten &#8211; was einen Stopp des Einsatzes der Agrogentechnik nun offiziell mit einschlie\u00dft, um weitere Menschenrechtsverletzungen zu verhindern.\u201c<\/p>\n\n\n\n<p>L\u00fcst hat in der Vergangenheit bereits den kanadischen Bauern und alternativen Nobelpreistr\u00e4ger Percy Schmeiser, &nbsp;die indische alternative Nobelpreistr\u00e4gerin Vandana Shiva&nbsp; sowie die \u00f6sterreichische Organisation Pro Leben vor dem Un-Ausschuss vertreten.<\/p>\n\n\n\n<hr class=\"wp-block-separator has-css-opacity is-style-wide\"\/>\n\n\n\n<h2 class=\"wp-block-heading\">Parallelbericht<\/h2>\n\n\n\n<div class=\"wp-block-columns is-layout-flex wp-container-core-columns-is-layout-9d6595d7 wp-block-columns-is-layout-flex\">\n<div class=\"wp-block-column is-layout-flow wp-block-column-is-layout-flow\"><div class=\"wp-block-image\">\n<figure class=\"aligncenter size-large\"><a href=\"https:\/\/www.stopptgennahrungsmittel.de\/wp-content\/uploads\/2021\/10\/Parallelreport-Brasilien-Rede-dt_.pdf\" target=\"_blank\" rel=\"noopener\"><img loading=\"lazy\" decoding=\"async\" width=\"791\" height=\"1024\" src=\"https:\/\/www.stopptgennahrungsmittel.de\/wp-content\/uploads\/2021\/10\/Seiten-aus-Parallelreport-Brasilien-Rede-dt_-791x1024.jpg\" alt=\"\" class=\"wp-image-1213\" srcset=\"https:\/\/www.stopptgennahrungsmittel.de\/wp-content\/uploads\/2021\/10\/Seiten-aus-Parallelreport-Brasilien-Rede-dt_-791x1024.jpg 791w, https:\/\/www.stopptgennahrungsmittel.de\/wp-content\/uploads\/2021\/10\/Seiten-aus-Parallelreport-Brasilien-Rede-dt_-232x300.jpg 232w, https:\/\/www.stopptgennahrungsmittel.de\/wp-content\/uploads\/2021\/10\/Seiten-aus-Parallelreport-Brasilien-Rede-dt_-768x994.jpg 768w, https:\/\/www.stopptgennahrungsmittel.de\/wp-content\/uploads\/2021\/10\/Seiten-aus-Parallelreport-Brasilien-Rede-dt_-1187x1536.jpg 1187w, https:\/\/www.stopptgennahrungsmittel.de\/wp-content\/uploads\/2021\/10\/Seiten-aus-Parallelreport-Brasilien-Rede-dt_-1583x2048.jpg 1583w, https:\/\/www.stopptgennahrungsmittel.de\/wp-content\/uploads\/2021\/10\/Seiten-aus-Parallelreport-Brasilien-Rede-dt_-116x150.jpg 116w, https:\/\/www.stopptgennahrungsmittel.de\/wp-content\/uploads\/2021\/10\/Seiten-aus-Parallelreport-Brasilien-Rede-dt_.jpg 1700w\" sizes=\"auto, (max-width: 791px) 100vw, 791px\" \/><\/a><figcaption class=\"wp-element-caption\">Parallelreport deutsch<\/figcaption><\/figure>\n<\/div><\/div>\n\n\n\n<div class=\"wp-block-column is-layout-flow wp-block-column-is-layout-flow\"><div class=\"wp-block-image\">\n<figure class=\"aligncenter size-large\"><a href=\"https:\/\/www.stopptgennahrungsmittel.de\/wp-content\/uploads\/2021\/10\/parallelreport-Brasilien-engl_-Endf_.pdf\" target=\"_blank\" rel=\"noopener\"><img loading=\"lazy\" decoding=\"async\" width=\"791\" height=\"1024\" src=\"https:\/\/www.stopptgennahrungsmittel.de\/wp-content\/uploads\/2021\/10\/Seiten-aus-parallelreport-Brasilien-engl_-Endf_-791x1024.jpg\" alt=\"\" class=\"wp-image-1215\" srcset=\"https:\/\/www.stopptgennahrungsmittel.de\/wp-content\/uploads\/2021\/10\/Seiten-aus-parallelreport-Brasilien-engl_-Endf_-791x1024.jpg 791w, https:\/\/www.stopptgennahrungsmittel.de\/wp-content\/uploads\/2021\/10\/Seiten-aus-parallelreport-Brasilien-engl_-Endf_-232x300.jpg 232w, https:\/\/www.stopptgennahrungsmittel.de\/wp-content\/uploads\/2021\/10\/Seiten-aus-parallelreport-Brasilien-engl_-Endf_-768x994.jpg 768w, https:\/\/www.stopptgennahrungsmittel.de\/wp-content\/uploads\/2021\/10\/Seiten-aus-parallelreport-Brasilien-engl_-Endf_-1187x1536.jpg 1187w, https:\/\/www.stopptgennahrungsmittel.de\/wp-content\/uploads\/2021\/10\/Seiten-aus-parallelreport-Brasilien-engl_-Endf_-1583x2048.jpg 1583w, https:\/\/www.stopptgennahrungsmittel.de\/wp-content\/uploads\/2021\/10\/Seiten-aus-parallelreport-Brasilien-engl_-Endf_-116x150.jpg 116w, https:\/\/www.stopptgennahrungsmittel.de\/wp-content\/uploads\/2021\/10\/Seiten-aus-parallelreport-Brasilien-engl_-Endf_.jpg 1700w\" sizes=\"auto, (max-width: 791px) 100vw, 791px\" \/><\/a><figcaption class=\"wp-element-caption\">Parallelreport english<\/figcaption><\/figure>\n<\/div><\/div>\n<\/div>\n\n\n\n<div class=\"wp-block-columns is-layout-flex wp-container-core-columns-is-layout-9d6595d7 wp-block-columns-is-layout-flex\">\n<div class=\"wp-block-column is-layout-flow wp-block-column-is-layout-flow\"><div class=\"wp-block-image\">\n<figure class=\"aligncenter size-large\"><a href=\"https:\/\/www.stopptgennahrungsmittel.de\/wp-content\/uploads\/2021\/10\/Parallelbericht-Brasilien-portugies_.pdf\" target=\"_blank\" rel=\"noopener\"><img loading=\"lazy\" decoding=\"async\" width=\"791\" height=\"1024\" src=\"https:\/\/www.stopptgennahrungsmittel.de\/wp-content\/uploads\/2021\/10\/Seiten-aus-Parallelbericht-Brasilien-portugies_-791x1024.jpg\" alt=\"\" class=\"wp-image-1214\" srcset=\"https:\/\/www.stopptgennahrungsmittel.de\/wp-content\/uploads\/2021\/10\/Seiten-aus-Parallelbericht-Brasilien-portugies_-791x1024.jpg 791w, https:\/\/www.stopptgennahrungsmittel.de\/wp-content\/uploads\/2021\/10\/Seiten-aus-Parallelbericht-Brasilien-portugies_-232x300.jpg 232w, https:\/\/www.stopptgennahrungsmittel.de\/wp-content\/uploads\/2021\/10\/Seiten-aus-Parallelbericht-Brasilien-portugies_-768x994.jpg 768w, https:\/\/www.stopptgennahrungsmittel.de\/wp-content\/uploads\/2021\/10\/Seiten-aus-Parallelbericht-Brasilien-portugies_-1187x1536.jpg 1187w, https:\/\/www.stopptgennahrungsmittel.de\/wp-content\/uploads\/2021\/10\/Seiten-aus-Parallelbericht-Brasilien-portugies_-1583x2048.jpg 1583w, https:\/\/www.stopptgennahrungsmittel.de\/wp-content\/uploads\/2021\/10\/Seiten-aus-Parallelbericht-Brasilien-portugies_-116x150.jpg 116w, https:\/\/www.stopptgennahrungsmittel.de\/wp-content\/uploads\/2021\/10\/Seiten-aus-Parallelbericht-Brasilien-portugies_.jpg 1700w\" sizes=\"auto, (max-width: 791px) 100vw, 791px\" \/><\/a><figcaption class=\"wp-element-caption\"> Parallelreport portugues <\/figcaption><\/figure>\n<\/div><\/div>\n\n\n\n<div class=\"wp-block-column is-layout-flow wp-block-column-is-layout-flow\"><div class=\"wp-block-image\">\n<figure class=\"aligncenter size-large\"><a href=\"https:\/\/www.stopptgennahrungsmittel.de\/wp-content\/uploads\/2021\/10\/Parallelreport-Brasilien-Rede-dt_.pdf\" target=\"_blank\" rel=\"noopener\"><img loading=\"lazy\" decoding=\"async\" width=\"791\" height=\"1024\" src=\"https:\/\/www.stopptgennahrungsmittel.de\/wp-content\/uploads\/2021\/10\/parallelreport-Brazil-PM-spanisch-791x1024.jpg\" alt=\"\" class=\"wp-image-1212\" srcset=\"https:\/\/www.stopptgennahrungsmittel.de\/wp-content\/uploads\/2021\/10\/parallelreport-Brazil-PM-spanisch-791x1024.jpg 791w, https:\/\/www.stopptgennahrungsmittel.de\/wp-content\/uploads\/2021\/10\/parallelreport-Brazil-PM-spanisch-232x300.jpg 232w, https:\/\/www.stopptgennahrungsmittel.de\/wp-content\/uploads\/2021\/10\/parallelreport-Brazil-PM-spanisch-768x994.jpg 768w, https:\/\/www.stopptgennahrungsmittel.de\/wp-content\/uploads\/2021\/10\/parallelreport-Brazil-PM-spanisch-1187x1536.jpg 1187w, https:\/\/www.stopptgennahrungsmittel.de\/wp-content\/uploads\/2021\/10\/parallelreport-Brazil-PM-spanisch-1583x2048.jpg 1583w, https:\/\/www.stopptgennahrungsmittel.de\/wp-content\/uploads\/2021\/10\/parallelreport-Brazil-PM-spanisch-116x150.jpg 116w, https:\/\/www.stopptgennahrungsmittel.de\/wp-content\/uploads\/2021\/10\/parallelreport-Brazil-PM-spanisch.jpg 1700w\" sizes=\"auto, (max-width: 791px) 100vw, 791px\" \/><\/a><figcaption class=\"wp-element-caption\">UN-Rede deutsch<\/figcaption><\/figure>\n<\/div><\/div>\n<\/div>\n\n\n\n<hr class=\"wp-block-separator has-css-opacity is-style-wide\"\/>\n\n\n\n<h2 class=\"wp-block-heading\">Einige Videos mit Prof Ant\u00f4nio In\u00e1cio Andrioli, Universit\u00e4t da Frontera Sul, Brasilien<\/h2>\n\n\n\n<p><iframe loading=\"lazy\" src=\"\/\/www.youtube.com\/embed\/eGCFDrfFqB8\" width=\"425\" height=\"350\"><\/iframe><\/p>\n\n\n\n<p>Vortrag in Lengdorf\/Obb. 2013<\/p>\n\n\n\n<p><iframe loading=\"lazy\" src=\"\/\/www.youtube.com\/embed\/xREdm7tTuC0\" width=\"425\" height=\"350\"><\/iframe><\/p>\n\n\n\n<p>Die Saat des B\u00f6sen Teil 1<\/p>\n\n\n\n<p><iframe loading=\"lazy\" src=\"\/\/www.youtube.com\/embed\/2oN3tJObdCc\" width=\"425\" height=\"350\"><\/iframe><\/p>\n\n\n\n<p>Die Saat des B\u00f6sen Teil 2<\/p>\n\n\n\n<p><iframe loading=\"lazy\" src=\"\/\/www.youtube.com\/embed\/IHAWvkczYtk\" width=\"425\" height=\"350\"><\/iframe><\/p>\n\n\n\n<p><iframe loading=\"lazy\" src=\"\/\/www.youtube.com\/embed\/y6RI2F7rbPQ\" width=\"425\" height=\"350\"><\/iframe><\/p>\n\n\n\n<p><iframe loading=\"lazy\" src=\"\/\/www.youtube.com\/embed\/VFvyNm4U_Yg\" width=\"425\" height=\"350\"><\/iframe><\/p>\n","protected":false},"excerpt":{"rendered":"<p>Parallelreport Brasilien 2023 28.9.2023 Zusammen Dr. Antonio Andrioli (r.), der Via Campesina Brasilien vertrat, hat Christiane L\u00fcst von der Aktion GEN-Klage erneut einen Parallelbericht zum Staatenbericht von Brasilien \u00fcber die Umsetzung des Internationalen Paktes \u00fcber wirtschaftliche, soziale und kulturelle Rechte beim UN-Menschenrechtsausschuss in Genf vorgelegt. Gleichzeitig hat das Umweltinstitut mit\u2026<\/p>\n<p> <a class=\"continue-reading-link\" href=\"https:\/\/www.stopptgennahrungsmittel.de\/?page_id=131\"><span>weiter lesen &#8230;<\/span><i class=\"crycon-right-dir\"><\/i><\/a> <\/p>\n","protected":false},"author":1,"featured_media":0,"parent":11,"menu_order":0,"comment_status":"closed","ping_status":"closed","template":"","meta":{"jetpack_post_was_ever_published":false,"footnotes":""},"class_list":["post-131","page","type-page","status-publish","hentry"],"jetpack_sharing_enabled":true,"jetpack_shortlink":"https:\/\/wp.me\/P7YsNH-27","_links":{"self":[{"href":"https:\/\/www.stopptgennahrungsmittel.de\/index.php?rest_route=\/wp\/v2\/pages\/131","targetHints":{"allow":["GET"]}}],"collection":[{"href":"https:\/\/www.stopptgennahrungsmittel.de\/index.php?rest_route=\/wp\/v2\/pages"}],"about":[{"href":"https:\/\/www.stopptgennahrungsmittel.de\/index.php?rest_route=\/wp\/v2\/types\/page"}],"author":[{"embeddable":true,"href":"https:\/\/www.stopptgennahrungsmittel.de\/index.php?rest_route=\/wp\/v2\/users\/1"}],"replies":[{"embeddable":true,"href":"https:\/\/www.stopptgennahrungsmittel.de\/index.php?rest_route=%2Fwp%2Fv2%2Fcomments&post=131"}],"version-history":[{"count":34,"href":"https:\/\/www.stopptgennahrungsmittel.de\/index.php?rest_route=\/wp\/v2\/pages\/131\/revisions"}],"predecessor-version":[{"id":1290,"href":"https:\/\/www.stopptgennahrungsmittel.de\/index.php?rest_route=\/wp\/v2\/pages\/131\/revisions\/1290"}],"up":[{"embeddable":true,"href":"https:\/\/www.stopptgennahrungsmittel.de\/index.php?rest_route=\/wp\/v2\/pages\/11"}],"wp:attachment":[{"href":"https:\/\/www.stopptgennahrungsmittel.de\/index.php?rest_route=%2Fwp%2Fv2%2Fmedia&parent=131"}],"curies":[{"name":"wp","href":"https:\/\/api.w.org\/{rel}","templated":true}]}}