{"id":117,"date":"2014-12-16T13:30:56","date_gmt":"2014-12-16T13:30:56","guid":{"rendered":"http:\/\/www.stopptgennahrungsmittel.de\/?page_id=117"},"modified":"2014-12-19T09:49:19","modified_gmt":"2014-12-19T09:49:19","slug":"unterstuetzer","status":"publish","type":"page","link":"https:\/\/www.stopptgennahrungsmittel.de\/?page_id=117","title":{"rendered":"Unterst\u00fctzer"},"content":{"rendered":"<h3>Unterst\u00fctzerliste Aktion GEN-Klage<\/h3>\n<ul>\n<li>Deutscher Berufs- und Erwerbsimkerverband <a href=\"http:\/\/www.berufsimker.de\/\">www.berufsimker.de<\/a><\/li>\n<li>Global 2000 \u00d6sterreich <a href=\"www.global2000.at\">www.global2000.at<\/a><\/li>\n<li>SAG &#8211; Schweizer Arbeitsgruppe Gentechnik <a href=\"http:\/\/www.gentechnologie.ch\/\">http:\/\/www.gentechnologie.ch\/<\/a><\/li>\n<li>Public Eye on Science, Schweiz <a href=\"http:\/\/www.publiceyeonscience.ch\/\">http:\/\/www.publiceyeonscience.ch\/<\/a><\/li>\n<li>Plattform \u00c4rzte, Bauern und Juristen gegen Gentechnahrung , \u00d6sterreich<\/li>\n<li>B\u00fcndnis gentechnikfreie Anbauregion Bodensee-Allg\u00e4u-Oberschwaben<\/li>\n<li>Institut f\u00fcr Naturschutz und Naturschutzrecht T\u00fcbingen <a href=\"http:\/\/www.institut.naturschutzrecht.net\/\">http:\/\/www.institut.naturschutzrecht.net\/<\/a><\/li>\n<li>\u00d6ko &amp; Fair, Umweltp\u00e4dagogisches Informationszentrum Gauting <a href=\"www.oeko-und-fair.de\">www.oeko-und-fair.de<\/a><\/li>\n<li>Agrargruppe attac Wuppertal <a href=\"http:\/\/www.attac-wtal.de\/arbeitskreise\/agrargruppe\">http:\/\/www.attac-wtal.de\/arbeitskreise\/agrargruppe<\/a><\/li>\n<li>\u00d6DP Bayern <a href=\"https:\/\/www.oedp-bayern.de\/\">https:\/\/www.oedp-bayern.de\/<\/a><\/li>\n<li>\u00d6DP Bundesverband <a href=\"https:\/\/www.oedp.de\/\">https:\/\/www.oedp.de\/<\/a><\/li>\n<li>Arbeitsgemeinschaft b\u00e4uerliche Landwirtschaft e. V. <a href=\"http:\/\/www.abl-ev.de\/\">http:\/\/www.abl-ev.de\/<\/a><\/li>\n<li>Zivilcourage Rosenheim <a href=\"http:\/\/www.zivilcourage.ro\">http:\/\/www.zivilcourage.ro<\/a><\/li>\n<li>Naturkost S\u00fcdbayern e. V. <a href=\"http:\/\/www.naturkost-suedbayern.de\/\">http:\/\/www.naturkost-suedbayern.de\/<\/a><\/li>\n<li>Bertram Verhaag, Denkmal-Film, Regisseur\u00a0 von &#8222;Leben au\u00dfer Kontrolle&#8220; <a href=\"http:\/\/www.denkmal-film.com\/\">http:\/\/www.denkmal-film.com\/<\/a><\/li>\n<li>Gen-ethisches Netzwerk e. V. <a href=\"http:\/\/www.gen-ethisches-netzwerk.de\/\">http:\/\/www.gen-ethisches-netzwerk.de\/<\/a><\/li>\n<li>Bio Austria <a href=\"http:\/\/www.bio-austria.at\/\">http:\/\/www.bio-austria.at\/<\/a><\/li>\n<li>Mellifera e.V. <a href=\"http:\/\/www.mellifera.de\/\">http:\/\/www.mellifera.de\/<\/a><\/li>\n<li>William Engdahl, u. a. Autor von \u201e Saat der Zerst\u00f6rung\u201c <a href=\"http:\/\/de.wikipedia.org\/wiki\/F._William_Engdahl\">http:\/\/de.wikipedia.org\/wiki\/F._William_Engdahl<\/a><\/li>\n<li>Sambucus e. V. <a href=\"http:\/\/www.sambucus.org\/\">http:\/\/www.sambucus.org\/<\/a><\/li>\n<li>\u00d6kologischer \u00c4rztebund e. V. <a href=\"http:\/\/www.oekologischer-aerztebund.de\/\">http:\/\/www.oekologischer-aerztebund.de\/<\/a><\/li>\n<li>Bund Naturschutz in Bayern e. V. <a href=\"http:\/\/www.bund-naturschutz.de\/\">http:\/\/www.bund-naturschutz.de\/<\/a><\/li>\n<li>&#8222;Kein Patent auf Leben!&#8220; M\u00fcnchen <a href=\"http:\/\/www.keinpatent.de\/\">http:\/\/www.keinpatent.de\/<\/a><\/li>\n<li>Food &amp; Water Watch <a href=\"http:\/\/www.foodandwaterwatch.org\/\">http:\/\/www.foodandwaterwatch.org\/<\/a><\/li>\n<li>Europe Plataforma Transgenicos Fora, Portugal <a href=\"http:\/\/stopogm.net\/centrodocumental\">http:\/\/stopogm.net\/centrodocumental<\/a><\/li>\n<li>Glonner Verbraucherinfo Gentechnik<\/li>\n<li>GM FREE CYMRU\u00a0\u00a0 Wales, UK <a href=\"http:\/\/www.gmfreecymru.org\/\">http:\/\/www.gmfreecymru.org\/<\/a><\/li>\n<li>Gentechnikfreies Europa e. V. <a href=\"http:\/\/www.gentechnikfreies-europa.eu\/\">http:\/\/www.gentechnikfreies-europa.eu\/<\/a><\/li>\n<li>Alan Hunter, UK &#8211; author &#8222;Curing Food Allergies&#8220;<\/li>\n<li>Imker-Kreisverband Kitzingen<\/li>\n<li>Zwergenwiese Naturkost GmbH <a href=\"http:\/\/www.zwergenwiese.de\/\">http:\/\/www.zwergenwiese.de\/<\/a><\/li>\n<li>LV\u00d6\u00a0 Landesvereinigung f\u00fcr den \u00f6kologischen Landbau in Bayern e. V. <a href=\"http:\/\/www.lvoe.de\/\">http:\/\/www.lvoe.de\/<\/a><\/li>\n<li>Upl\u00e4nder Bauernmolkerei <a href=\"http:\/\/www.bauernmolkerei.de\/\">http:\/\/www.bauernmolkerei.de\/<\/a><\/li>\n<li>Naturland e. V. <a href=\"http:\/\/www.naturland.de\/\">http:\/\/www.naturland.de\/<\/a><\/li>\n<li>Herbaria Kr\u00e4uterparadies GmbH <a href=\"http:\/\/www.herbaria.com\/\">http:\/\/www.herbaria.com\/<\/a><\/li>\n<li>B\u00fcndnis gentechnikfreie Region F\u00fcrth Stadt und Land <a href=\"http:\/\/www.bgrf.de\/\">http:\/\/www.bgrf.de\/<\/a><\/li>\n<li>Naturfris\u00f6r &amp; Naturkosmetik F\u00fcrth <a href=\"http:\/\/www.naturfriseur-fuerth.de\/\">http:\/\/www.naturfriseur-fuerth.de\/<\/a><\/li>\n<li>Zotter Schokoladen Manufaktur GmbH <a href=\"www.zotter.at\/\">www.zotter.at\/<\/a><\/li>\n<li>Rapunzel Naturkost AG \/ Genfrei Gehen <a href=\"http:\/\/www.rapunzel.de\/\">http:\/\/www.rapunzel.de\/<\/a><\/li>\n<li>BUND,\u00a0 Bund f\u00fcr Umwelt und Naturschutz Deutschland e.V. <a href=\"http:\/\/www.bund.net\/\">http:\/\/www.bund.net\/<\/a><\/li>\n<li>Antonio Andrioli, Brasilien &#8211; Autor u. a. von \u201eAgro-Gentechnik: Die Saat des B\u00f6sen\u201c<\/li>\n<li>Schlei\u00dfheimer Aktionsb\u00fcndnis f\u00fcr gentechnikfreie Lebensmittel<\/li>\n<li>FIAN FoodFirst Informations- und Aktionsnetzwerk, Gruppe Hamburg <a href=\"http:\/\/www.fian.de\/\">http:\/\/www.fian.de\/<\/a><\/li>\n<li>B\u00fcndnis Gentechnikfreier Landkreis Forchheim\u00a0\u00a0\u00a0\u00a0\u00a0 <a href=\"www.lichter-lsb.de\">www.lichter-lsb.de<\/a><\/li>\n<li>Justice and Environment,\u00a0 Ungarn<\/li>\n<li>Umweltinstitut M\u00fcnchen e. V. <a href=\"http:\/\/www.umweltinstitut.org\/\">http:\/\/www.umweltinstitut.org\/<\/a><\/li>\n<li>Dr. Vandana Shiva,\u00a0 Navdanya Indien, Rom <a href=\"http:\/\/vandanashiva.com\/\">http:\/\/vandanashiva.com\/<\/a><\/li>\n<li>KLW Mittelstandsforum GmbH <a href=\"http:\/\/www.klw-mittelstandsforum.de\/\">http:\/\/www.klw-mittelstandsforum.de\/<\/a><\/li>\n<li>Louise und Percy Schmeiser, Kanada <a href=\"http:\/\/de.wikipedia.org\/wiki\/Percy_Schmeiser\">http:\/\/de.wikipedia.org\/wiki\/Percy_Schmeiser<\/a><\/li>\n<li>Bernward Geier, Colabora <a href=\"http:\/\/www.colabora-together.de\/bernward-geier\">http:\/\/www.colabora-together.de\/bernward-geier<\/a><\/li>\n<li>PROVIEH-VgtM e.V., Kontakt: Sabine Ohm, Europareferentin <a href=\"http:\/\/www.provieh.de\/\">http:\/\/www.provieh.de\/<\/a><\/li>\n<li>Klaus Fai\u00dfner, freier Journalist, Buchautor, u.a. \u201eWirbelsturm und Fl\u00e4chenbrand. Das Ende der Gentechnik\u201c, Wien<\/li>\n<li>Bio-Verbraucher e.V. <a href=\"http:\/\/www.bio-verbraucher.de\/\">http:\/\/www.bio-verbraucher.de\/<\/a><\/li>\n<li>B\u00fcndnis f\u00fcr eine gentechnikfreie Region Augsburg Stadt und Land <a href=\"http:\/\/genfrei-augsburg.de\/\">http:\/\/genfrei-augsburg.de\/<\/a><\/li>\n<li>B\u00fcrgerinitiative B\u00fcrger und B\u00fcrgerinnen sagen NEIN zur Agro-Gentechnik im Landkreis Cochem-Zell<\/li>\n<li>Bund Naturschutz in Bayern e.V., Kreisgruppe Traunstein <a href=\"http:\/\/www.traunstein.bund-naturschutz.de\/\">http:\/\/www.traunstein.bund-naturschutz.de\/<\/a><\/li>\n<li>BDM e. V. h<a href=\"http:\/\/bdm-verband.org\/html\/\">ttp:\/\/bdm-verband.org\/html\/<\/a><\/li>\n<li>Gesellschaft f\u00fcr Gesundheitsberatung (GGB) e.V. <a href=\"http:\/\/www.ggb-lahnstein.de\/\">http:\/\/www.ggb-lahnstein.de\/<\/a><\/li>\n<li>B\u00fcndnis f\u00fcr eine gentechnikfreie Region (um) Ulm <a href=\"http:\/\/www.genfrei-ulm.de\/\">http:\/\/www.genfrei-ulm.de\/<\/a><\/li>\n<li>Josef Feilmeier, Internationale Arbeitsgruppe Futtermittel, VLOG-Berlin\u00a0 (Verband Lebensmittel ohne Gentechnik) <a href=\"http:\/\/www.feilmeier-mischfutter.de\/\">http:\/\/www.feilmeier-mischfutter.de\/<\/a><\/li>\n<li>Umweltinitiative Pfaffenwinkel (UIP) <a href=\"http:\/\/www.uip-online.de\/\">http:\/\/www.uip-online.de\/<\/a><\/li>\n<li>Naturschutzbund Steiermark <a href=\"http:\/\/www.naturschutzbundsteiermark.at\/\">http:\/\/www.naturschutzbundsteiermark.at\/<\/a><\/li>\n<li>BIONIERE \u00d6sterreichs <a href=\"http:\/\/www.bioniere.org\/\">http:\/\/www.bioniere.org\/<\/a><\/li>\n<li>Initiative Gentechnik-Verbot, \u00d6sterreich <a href=\"http:\/\/www.gentechnikverbot.at\/\">http:\/\/www.gentechnikverbot.at\/<\/a><\/li>\n<li>BUND-Gruppe \u00dcberlingen, Owingen, Sipplingen <a href=\"http:\/\/www.bund-bodensee-oberschwaben.net\/bund-gruppen\/bodenseekreis\/ueberlingen\/\">http:\/\/www.bund-bodensee-oberschwaben.net\/bund-gruppen\/bodenseekreis\/ueberlingen\/<\/a><\/li>\n<li>Arbeitskreis Gentechnik des BN im Landkreis Ebersberg <a href=\"http:\/\/www.ebersberg.bund-naturschutz.de\/gruene-gentechnik.html\">http:\/\/www.ebersberg.bund-naturschutz.de\/gruene-gentechnik.html<\/a><\/li>\n<li>&#8222;Zivilcourage Neumarkt e.V.&#8220; &#8211; B\u00fcndnis f\u00fcr einen agrogentechnikfreien Landkreis Neumarkt<\/li>\n<li>Ute und Andreas Strau\u00df, Rostock &#8211; Sagerheide,\u00a0 Direktanlieger am gr\u00f6\u00dften Genforschungsfeld in Deutschland<\/li>\n<li>ECOTERRA e.V., Nairobi <a href=\"http:\/\/www.ecop.info\/\">http:\/\/www.ecop.info\/<\/a><\/li>\n<li>ECOTERRA Intl <a href=\"http:\/\/www.ecoterra.net\/\">http:\/\/www.ecoterra.net\/<\/a><\/li>\n<li>ALTOP Verlag M\u00fcnchen <a href=\"http:\/\/de.wikipedia.org\/wiki\/ALTOP_Verlag\">http:\/\/de.wikipedia.org\/wiki\/ALTOP_Verlag<\/a><\/li>\n<li>J\u00f6rg Bergstedt, Autor von &#8222;Monsanto auf Deutsch&#8220;<\/li>\n<\/ul>\n","protected":false},"excerpt":{"rendered":"<p>Unterst\u00fctzerliste Aktion GEN-Klage Deutscher Berufs- und Erwerbsimkerverband www.berufsimker.de Global 2000 \u00d6sterreich www.global2000.at SAG &#8211; Schweizer Arbeitsgruppe Gentechnik http:\/\/www.gentechnologie.ch\/ Public Eye on Science, Schweiz http:\/\/www.publiceyeonscience.ch\/ Plattform \u00c4rzte, Bauern und Juristen gegen Gentechnahrung , \u00d6sterreich B\u00fcndnis gentechnikfreie Anbauregion Bodensee-Allg\u00e4u-Oberschwaben Institut f\u00fcr Naturschutz und Naturschutzrecht T\u00fcbingen http:\/\/www.institut.naturschutzrecht.net\/ \u00d6ko &amp; Fair, Umweltp\u00e4dagogisches Informationszentrum Gauting\u2026<\/p>\n<p> <a class=\"continue-reading-link\" href=\"https:\/\/www.stopptgennahrungsmittel.de\/?page_id=117\"><span>weiter lesen &#8230;<\/span><i class=\"crycon-right-dir\"><\/i><\/a> <\/p>\n","protected":false},"author":1,"featured_media":0,"parent":0,"menu_order":0,"comment_status":"closed","ping_status":"closed","template":"","meta":{"jetpack_post_was_ever_published":false,"footnotes":""},"class_list":["post-117","page","type-page","status-publish","hentry"],"jetpack_sharing_enabled":true,"jetpack_shortlink":"https:\/\/wp.me\/P7YsNH-1T","_links":{"self":[{"href":"https:\/\/www.stopptgennahrungsmittel.de\/index.php?rest_route=\/wp\/v2\/pages\/117","targetHints":{"allow":["GET"]}}],"collection":[{"href":"https:\/\/www.stopptgennahrungsmittel.de\/index.php?rest_route=\/wp\/v2\/pages"}],"about":[{"href":"https:\/\/www.stopptgennahrungsmittel.de\/index.php?rest_route=\/wp\/v2\/types\/page"}],"author":[{"embeddable":true,"href":"https:\/\/www.stopptgennahrungsmittel.de\/index.php?rest_route=\/wp\/v2\/users\/1"}],"replies":[{"embeddable":true,"href":"https:\/\/www.stopptgennahrungsmittel.de\/index.php?rest_route=%2Fwp%2Fv2%2Fcomments&post=117"}],"version-history":[{"count":2,"href":"https:\/\/www.stopptgennahrungsmittel.de\/index.php?rest_route=\/wp\/v2\/pages\/117\/revisions"}],"predecessor-version":[{"id":295,"href":"https:\/\/www.stopptgennahrungsmittel.de\/index.php?rest_route=\/wp\/v2\/pages\/117\/revisions\/295"}],"wp:attachment":[{"href":"https:\/\/www.stopptgennahrungsmittel.de\/index.php?rest_route=%2Fwp%2Fv2%2Fmedia&parent=117"}],"curies":[{"name":"wp","href":"https:\/\/api.w.org\/{rel}","templated":true}]}}